{"id":3620,"date":"2022-12-19T06:59:10","date_gmt":"2022-12-19T06:59:10","guid":{"rendered":"http:\/\/preview.peopleweek.com\/azienda\/"},"modified":"2026-04-21T17:55:37","modified_gmt":"2026-04-21T17:55:37","slug":"azienda","status":"publish","type":"page","link":"https:\/\/peopleweek.com\/it\/azienda\/","title":{"rendered":"Azienda"},"content":{"rendered":"\n<style type=\"text\/css\" data-created_by=\"avia_inline_auto\" id=\"style-css-av-lbuql01r-156393a01bcdb00ff712f210e760ab46\">\n.avia-section.av-lbuql01r-156393a01bcdb00ff712f210e760ab46{\nbackground-repeat:no-repeat;\nbackground-image:url(https:\/\/peopleweek.com\/wp-content\/uploads\/2022\/12\/company-banner-1.jpg);\nbackground-position:50% 50%;\nbackground-attachment:scroll;\n}\n.avia-section.av-lbuql01r-156393a01bcdb00ff712f210e760ab46 .av-section-color-overlay{\nopacity:0.6;\nbackground-color:#084a79;\n}\n<\/style>\n<div id='av_section_1'  class='avia-section av-lbuql01r-156393a01bcdb00ff712f210e760ab46 main_color avia-section-large avia-no-border-styling  avia-builder-el-0  el_before_av_layout_row  avia-builder-el-first  gc-banner-cov avia-full-stretch avia-bg-style-scroll av-section-color-overlay-active av-minimum-height av-minimum-height-custom av-height-custom  container_wrap fullsize'  data-section-bg-repeat='stretch' data-av_minimum_height_px='350'><div class=\"av-section-color-overlay-wrap\"><div class=\"av-section-color-overlay\"><\/div><div class='container av-section-cont-open' style='height:350px'><main  role=\"main\" itemprop=\"mainContentOfPage\"  class='template-page content  av-content-full alpha units'><div class='post-entry post-entry-type-page post-entry-3620'><div class='entry-content-wrapper clearfix'>\n\n<style type=\"text\/css\" data-created_by=\"avia_inline_auto\" id=\"style-css-av-1x0t9r-309afa78653fccd7c1b67cf08dfd86d6\">\n.flex_column.av-1x0t9r-309afa78653fccd7c1b67cf08dfd86d6{\nborder-radius:0 0 0 0;\npadding:0 0 0 0;\n}\n<\/style>\n<div  class='flex_column av-1x0t9r-309afa78653fccd7c1b67cf08dfd86d6 av_one_full  avia-builder-el-1  avia-builder-el-no-sibling  gc-bannertitle first flex_column_div av-animated-generic left-to-right av-zero-column-padding  '     ><style type=\"text\/css\" data-created_by=\"avia_inline_auto\" id=\"style-css-av-lburgt77-cc22bb9684fb3b3b21969e325975b5d0\">\n#top .av-special-heading.av-lburgt77-cc22bb9684fb3b3b21969e325975b5d0{\npadding-bottom:10px;\ncolor:#ffffff;\nfont-size:3vw;\n}\nbody .av-special-heading.av-lburgt77-cc22bb9684fb3b3b21969e325975b5d0 .av-special-heading-tag .heading-char{\nfont-size:25px;\n}\n#top #wrap_all .av-special-heading.av-lburgt77-cc22bb9684fb3b3b21969e325975b5d0 .av-special-heading-tag{\nfont-size:3vw;\n}\n.av-special-heading.av-lburgt77-cc22bb9684fb3b3b21969e325975b5d0 .special-heading-inner-border{\nborder-color:#ffffff;\n}\n.av-special-heading.av-lburgt77-cc22bb9684fb3b3b21969e325975b5d0 .av-subheading{\nfont-size:15px;\n}\n\n@media only screen and (min-width: 480px) and (max-width: 767px){ \n#top #wrap_all .av-special-heading.av-lburgt77-cc22bb9684fb3b3b21969e325975b5d0 .av-special-heading-tag{\nfont-size:0.8em;\n}\n}\n\n@media only screen and (max-width: 479px){ \n#top #wrap_all .av-special-heading.av-lburgt77-cc22bb9684fb3b3b21969e325975b5d0 .av-special-heading-tag{\nfont-size:0.8em;\n}\n}\n<\/style>\n<div  class='av-special-heading av-lburgt77-cc22bb9684fb3b3b21969e325975b5d0 av-special-heading-h2 custom-color-heading blockquote modern-quote modern-centered  avia-builder-el-2  avia-builder-el-no-sibling  av-inherit-size'><h2 class='av-special-heading-tag '  itemprop=\"headline\"  >Azienda<\/h2><div class=\"special-heading-border\"><div class=\"special-heading-inner-border\"><\/div><\/div><\/div><\/div>\n\n<\/div><\/div><\/main><!-- close content main element --><\/div><\/div><\/div><div id='av-layout-grid-1'  class='av-layout-grid-container av-y1vre7-6c94eb6d52342b6aed3d971c8d4267e5 entry-content-wrapper main_color av-flex-cells  avia-builder-el-3  el_after_av_section  el_before_av_section  grid-row-not-first  container_wrap fullsize'  >\n\n<style type=\"text\/css\" data-created_by=\"avia_inline_auto\" id=\"style-css-av-38bwzz-2129843168f3746d0af6b34a02d36fcf\">\n.flex_cell.av-38bwzz-2129843168f3746d0af6b34a02d36fcf{\nvertical-align:top;\nbackground-color:#084a79;\n}\n<\/style>\n<div class='flex_cell av-38bwzz-2129843168f3746d0af6b34a02d36fcf av-gridrow-cell av_one_third no_margin  avia-builder-el-4  el_before_av_cell_one_third  avia-builder-el-first  gc-contactthreebox content-align-top'  ><div class='flex_cell_inner'><p>\n<style type=\"text\/css\" data-created_by=\"avia_inline_auto\" id=\"style-css-av-u4ggcv-97e3dd7f78dd8dc2c1a85f51ca0353b2\">\n.avia-image-container.av-u4ggcv-97e3dd7f78dd8dc2c1a85f51ca0353b2 img.avia_image{\nbox-shadow:none;\n}\n.avia-image-container.av-u4ggcv-97e3dd7f78dd8dc2c1a85f51ca0353b2 .av-image-caption-overlay-center{\ncolor:#ffffff;\n}\n<\/style>\n<div  class='avia-image-container av-u4ggcv-97e3dd7f78dd8dc2c1a85f51ca0353b2 av-styling- avia-align-center  avia-builder-el-5  el_before_av_heading  avia-builder-el-first  gc-contboxMB'   itemprop=\"image\" itemscope=\"itemscope\" itemtype=\"https:\/\/schema.org\/ImageObject\" ><div class=\"avia-image-container-inner\"><div class=\"avia-image-overlay-wrap\"><img decoding=\"async\" fetchpriority=\"high\" class='wp-image-2532 avia-img-lazy-loading-not-2532 avia_image ' src=\"https:\/\/peopleweek.com\/wp-content\/uploads\/2022\/12\/simple-1.png\" alt='' title='simple-1'  height=\"71\" width=\"75\"  itemprop=\"thumbnailUrl\"  \/><\/div><\/div><\/div><br \/>\n\n<style type=\"text\/css\" data-created_by=\"avia_inline_auto\" id=\"style-css-av-tjyhzz-fc126a2ea0269471758092a5e2e73eda\">\n#top .av-special-heading.av-tjyhzz-fc126a2ea0269471758092a5e2e73eda{\nmargin:0 0 15px 0;\npadding-bottom:0;\ncolor:#ffffff;\n}\nbody .av-special-heading.av-tjyhzz-fc126a2ea0269471758092a5e2e73eda .av-special-heading-tag .heading-char{\nfont-size:25px;\n}\n#top #wrap_all .av-special-heading.av-tjyhzz-fc126a2ea0269471758092a5e2e73eda .av-special-heading-tag{\npadding:0 0 0 0;\n}\n.av-special-heading.av-tjyhzz-fc126a2ea0269471758092a5e2e73eda .special-heading-inner-border{\nborder-color:#ffffff;\n}\n.av-special-heading.av-tjyhzz-fc126a2ea0269471758092a5e2e73eda .av-subheading{\nfont-size:15px;\n}\n<\/style>\n<div  class='av-special-heading av-tjyhzz-fc126a2ea0269471758092a5e2e73eda av-special-heading-h3 custom-color-heading blockquote modern-quote modern-centered  avia-builder-el-6  el_after_av_image  el_before_av_textblock '><h3 class='av-special-heading-tag '  itemprop=\"headline\"  >Sicuro<\/h3><div class=\"special-heading-border\"><div class=\"special-heading-inner-border\"><\/div><\/div><\/div><br \/>\n\n<style type=\"text\/css\" data-created_by=\"avia_inline_auto\" id=\"style-css-av-rh43jj-37037fc6933cfe33b3d17fe372885b24\">\n#top .av_textblock_section.av-rh43jj-37037fc6933cfe33b3d17fe372885b24 .avia_textblock{\ncolor:#ffffff;\ntext-align:center;\n}\n<\/style>\n<section  class='av_textblock_section av-rh43jj-37037fc6933cfe33b3d17fe372885b24 '   itemscope=\"itemscope\" itemtype=\"https:\/\/schema.org\/CreativeWork\" ><div class='avia_textblock av_inherit_color'  itemprop=\"text\" ><p>Sicurezza integrata fin dalla progettazione, con dati ospitati in Svizzera, accessi basati sui ruoli, crittografia multilivello, audit regolari, conformit\u00e0 GDPR\/LPD e pratiche certificate che garantiscono dati protetti e un\u2019infrastruttura resiliente.<\/p>\n<\/div><\/section><\/p>\n<\/div><\/div>\n<style type=\"text\/css\" data-created_by=\"avia_inline_auto\" id=\"style-css-av-pq9sn3-57a631b58df6fb1211d3fb71ba69ce91\">\n.flex_cell.av-pq9sn3-57a631b58df6fb1211d3fb71ba69ce91{\nvertical-align:top;\nbackground-color:#0f5a90;\n}\n<\/style>\n<div class='flex_cell av-pq9sn3-57a631b58df6fb1211d3fb71ba69ce91 av-gridrow-cell av_one_third no_margin  avia-builder-el-8  el_after_av_cell_one_third  el_before_av_cell_one_third  gc-contactthreebox content-align-top'  ><div class='flex_cell_inner'><p>\n<style type=\"text\/css\" data-created_by=\"avia_inline_auto\" id=\"style-css-av-nj3sbz-62ef181926f905e33abe422764c02f13\">\n.avia-image-container.av-nj3sbz-62ef181926f905e33abe422764c02f13 img.avia_image{\nbox-shadow:none;\n}\n.avia-image-container.av-nj3sbz-62ef181926f905e33abe422764c02f13 .av-image-caption-overlay-center{\ncolor:#ffffff;\n}\n<\/style>\n<div  class='avia-image-container av-nj3sbz-62ef181926f905e33abe422764c02f13 av-styling- avia-align-center  avia-builder-el-9  el_before_av_heading  avia-builder-el-first  gc-contboxMB'   itemprop=\"image\" itemscope=\"itemscope\" itemtype=\"https:\/\/schema.org\/ImageObject\" ><div class=\"avia-image-container-inner\"><div class=\"avia-image-overlay-wrap\"><img decoding=\"async\" fetchpriority=\"high\" class='wp-image-2535 avia-img-lazy-loading-not-2535 avia_image ' src=\"https:\/\/peopleweek.com\/wp-content\/uploads\/2022\/12\/swiss-1-1.png\" alt='' title='swiss-1'  height=\"71\" width=\"75\"  itemprop=\"thumbnailUrl\"  \/><\/div><\/div><\/div><br \/>\n\n<style type=\"text\/css\" data-created_by=\"avia_inline_auto\" id=\"style-css-av-lqs44v-b877c7f611e4dcd2c007354413aaa0ac\">\n#top .av-special-heading.av-lqs44v-b877c7f611e4dcd2c007354413aaa0ac{\nmargin:0 0 15px 0;\npadding-bottom:0;\ncolor:#ff0000;\n}\nbody .av-special-heading.av-lqs44v-b877c7f611e4dcd2c007354413aaa0ac .av-special-heading-tag .heading-char{\nfont-size:25px;\n}\n#top #wrap_all .av-special-heading.av-lqs44v-b877c7f611e4dcd2c007354413aaa0ac .av-special-heading-tag{\npadding:0 0 0 0;\n}\n.av-special-heading.av-lqs44v-b877c7f611e4dcd2c007354413aaa0ac .special-heading-inner-border{\nborder-color:#ff0000;\n}\n.av-special-heading.av-lqs44v-b877c7f611e4dcd2c007354413aaa0ac .av-subheading{\nfont-size:15px;\n}\n<\/style>\n<div  class='av-special-heading av-lqs44v-b877c7f611e4dcd2c007354413aaa0ac av-special-heading-h3 custom-color-heading blockquote modern-quote modern-centered  avia-builder-el-10  el_after_av_image  el_before_av_textblock  red-bold'><h3 class='av-special-heading-tag '  itemprop=\"headline\"  >Svizzera<\/h3><div class=\"special-heading-border\"><div class=\"special-heading-inner-border\"><\/div><\/div><\/div><br \/>\n\n<style type=\"text\/css\" data-created_by=\"avia_inline_auto\" id=\"style-css-av-l4msfj-cde94fb6d59d9b972b9ba5a9e9ed31ab\">\n#top .av_textblock_section.av-l4msfj-cde94fb6d59d9b972b9ba5a9e9ed31ab .avia_textblock{\ncolor:#ffffff;\n}\n<\/style>\n<section  class='av_textblock_section av-l4msfj-cde94fb6d59d9b972b9ba5a9e9ed31ab '   itemscope=\"itemscope\" itemtype=\"https:\/\/schema.org\/CreativeWork\" ><div class='avia_textblock av_inherit_color'  itemprop=\"text\" ><p style=\"text-align: center;\">Il software HR di PeopleWeek \u00e8 progettato e ospitato in Svizzera per essere durevole e di alta qualit\u00e0 come un orologio svizzero. I vostri dati sono ospitati in un data center all&#8217;avanguardia in un paese con solide leggi sulla privacy e sulla sicurezza dei dati.<\/p>\n<\/div><\/section><\/p>\n<\/div><\/div>\n<style type=\"text\/css\" data-created_by=\"avia_inline_auto\" id=\"style-css-av-jrlyhb-6243f8d6aaa012a6317b1fcdd1b588c2\">\n.flex_cell.av-jrlyhb-6243f8d6aaa012a6317b1fcdd1b588c2{\nvertical-align:top;\nbackground-color:#084a79;\n}\n<\/style>\n<div class='flex_cell av-jrlyhb-6243f8d6aaa012a6317b1fcdd1b588c2 av-gridrow-cell av_one_third no_margin  avia-builder-el-12  el_after_av_cell_one_third  avia-builder-el-last  gc-contactthreebox content-align-top'  ><div class='flex_cell_inner'><p>\n<style type=\"text\/css\" data-created_by=\"avia_inline_auto\" id=\"style-css-av-i0e5gv-836bfcb022d09186b37f5e9ab1a4eebb\">\n.avia-image-container.av-i0e5gv-836bfcb022d09186b37f5e9ab1a4eebb img.avia_image{\nbox-shadow:none;\n}\n.avia-image-container.av-i0e5gv-836bfcb022d09186b37f5e9ab1a4eebb .av-image-caption-overlay-center{\ncolor:#ffffff;\n}\n<\/style>\n<div  class='avia-image-container av-i0e5gv-836bfcb022d09186b37f5e9ab1a4eebb av-styling- avia-align-center  avia-builder-el-13  el_before_av_heading  avia-builder-el-first  gc-contboxMB'   itemprop=\"image\" itemscope=\"itemscope\" itemtype=\"https:\/\/schema.org\/ImageObject\" ><div class=\"avia-image-container-inner\"><div class=\"avia-image-overlay-wrap\"><img decoding=\"async\" fetchpriority=\"high\" class='wp-image-2538 avia-img-lazy-loading-not-2538 avia_image ' src=\"https:\/\/peopleweek.com\/wp-content\/uploads\/2022\/12\/scalable-1.png\" alt='' title='scalable-1'  height=\"71\" width=\"75\"  itemprop=\"thumbnailUrl\"  \/><\/div><\/div><\/div><br \/>\n\n<style type=\"text\/css\" data-created_by=\"avia_inline_auto\" id=\"style-css-av-1mj5lb-15ca69c054ae4094d2a5d74774133ef2\">\n#top .av-special-heading.av-1mj5lb-15ca69c054ae4094d2a5d74774133ef2{\nmargin:0 0 15px 0;\npadding-bottom:0;\ncolor:#ffffff;\n}\nbody .av-special-heading.av-1mj5lb-15ca69c054ae4094d2a5d74774133ef2 .av-special-heading-tag .heading-char{\nfont-size:25px;\n}\n#top #wrap_all .av-special-heading.av-1mj5lb-15ca69c054ae4094d2a5d74774133ef2 .av-special-heading-tag{\npadding:0 0 0 0;\n}\n.av-special-heading.av-1mj5lb-15ca69c054ae4094d2a5d74774133ef2 .special-heading-inner-border{\nborder-color:#ffffff;\n}\n.av-special-heading.av-1mj5lb-15ca69c054ae4094d2a5d74774133ef2 .av-subheading{\nfont-size:15px;\n}\n<\/style>\n<div  class='av-special-heading av-1mj5lb-15ca69c054ae4094d2a5d74774133ef2 av-special-heading-h3 custom-color-heading blockquote modern-quote modern-centered  avia-builder-el-14  el_after_av_image  el_before_av_textblock '><h3 class='av-special-heading-tag '  itemprop=\"headline\"  >Scalabile<\/h3><div class=\"special-heading-border\"><div class=\"special-heading-inner-border\"><\/div><\/div><\/div><br \/>\n\n<style type=\"text\/css\" data-created_by=\"avia_inline_auto\" id=\"style-css-av-ep33jz-d62e4a349c09b11fd91265b0417da055\">\n#top .av_textblock_section.av-ep33jz-d62e4a349c09b11fd91265b0417da055 .avia_textblock{\ncolor:#ffffff;\n}\n<\/style>\n<section  class='av_textblock_section av-ep33jz-d62e4a349c09b11fd91265b0417da055 '   itemscope=\"itemscope\" itemtype=\"https:\/\/schema.org\/CreativeWork\" ><div class='avia_textblock av_inherit_color'  itemprop=\"text\" ><p style=\"text-align: center;\">Il software intranet PeopleWeek pu\u00f2 crescere con la vostra organizzazione e potete aggiungere nuovi moduli ogni volta che siete pronti.<\/p>\n<\/div><\/section><\/p>\n<\/div><\/div>\n<\/div>\n\n<style type=\"text\/css\" data-created_by=\"avia_inline_auto\" id=\"style-css-av-lc5rogak-6705a596aeb98e7e109e875fe19695a5\">\n.avia-section.av-lc5rogak-6705a596aeb98e7e109e875fe19695a5{\nbackground-color:#f7f7f7;\nbackground-image:unset;\n}\n<\/style>\n<div id='av_section_2'  class='avia-section av-lc5rogak-6705a596aeb98e7e109e875fe19695a5 main_color avia-section-default avia-no-border-styling  avia-builder-el-16  el_after_av_layout_row  el_before_av_section  avia-bg-style-scroll container_wrap fullsize'  ><div class='container av-section-cont-open' ><div class='template-page content  av-content-full alpha units'><div class='post-entry post-entry-type-page post-entry-3620'><div class='entry-content-wrapper clearfix'>\n\n<style type=\"text\/css\" data-created_by=\"avia_inline_auto\" id=\"style-css-av-lc5rm2n7-ce71870641ce37dee16ca3654a2d20f8\">\n#top .av-special-heading.av-lc5rm2n7-ce71870641ce37dee16ca3654a2d20f8{\npadding-bottom:10px;\n}\nbody .av-special-heading.av-lc5rm2n7-ce71870641ce37dee16ca3654a2d20f8 .av-special-heading-tag .heading-char{\nfont-size:25px;\n}\n.av-special-heading.av-lc5rm2n7-ce71870641ce37dee16ca3654a2d20f8 .av-subheading{\nfont-size:15px;\n}\n<\/style>\n<div  class='av-special-heading av-lc5rm2n7-ce71870641ce37dee16ca3654a2d20f8 av-special-heading-h2 blockquote modern-quote modern-centered  avia-builder-el-17  el_before_av_textblock  avia-builder-el-first '><h2 class='av-special-heading-tag '  itemprop=\"headline\"  >Chi Siamo<\/h2><div class=\"special-heading-border\"><div class=\"special-heading-inner-border\"><\/div><\/div><\/div>\n<section  class='av_textblock_section av-lc5rn2vh-7fa95ed2301af183003218f7539518b9 '   itemscope=\"itemscope\" itemtype=\"https:\/\/schema.org\/CreativeWork\" ><div class='avia_textblock'  itemprop=\"text\" ><p>PeopleWeek \u00e8 stata creata nel 2016 con la visione di offrire alle organizzazioni un tipo di software HR molto diverso dalle soluzioni tradizionali. I driver principali erano 3. In primo luogo, volevamo che la nostra piattaforma fosse <strong>coinvolgente, non solo uno strumento amministrativo<\/strong>. Abbiamo ottenuto questo risultato rendendolo <strong>un software sia per le risorse umane che per la collaborazione<\/strong>. In secondo luogo, volevamo costruire una soluzione che combinasse i vantaggi di <strong>un software personalizzato e di una soluzione off-the-shelf<\/strong>. Abbiamo raggiunto questo obiettivo progettando un\u2019<strong>architettura di sistema innovativa<\/strong>. In terzo luogo, volevamo essere <strong>uno sportello unico per tutti i processi HR e di collaborazione<\/strong>, in modo da poter offrire ai nostri clienti una soluzione completa, facile da usare e conveniente. Abbiamo raggiunto questo obiettivo sviluppando <strong>una ricca suite di moduli \u00e0 la carte<\/strong>.<\/p>\n<p>PeopleWeek dispone di oltre 25 moduli e la piattaforma \u00e8 stata progettata da un team composto da professionisti delle risorse umane e della progettazione di software. Collaboriamo inoltre a stretto contatto con i nostri clienti per creare nuove funzionalit\u00e0. Pur essendo orgogliosamente svizzeri per quanto riguarda la qualit\u00e0 dei nostri prodotti e l\u2019assistenza ai clienti, siamo una soluzione internazionale e disponiamo di configurazioni specifiche per ogni paese per soddisfare i requisiti legali in diverse giurisdizioni (anche per quanto riguarda le buste paga).<\/p>\n<p>Oggi i nostri clienti rappresentano circa 20 settori diversi, tra cui i servizi finanziari, la sanit\u00e0, l\u2019industria manifatturiera, i media e la vendita al dettaglio, e i nostri utenti sono presenti in tutti i continenti.<\/p>\n<p>I nostri 3 driver originali rimangono invariati. Continuano a guidarci nel nostro sviluppo e nella nostra crescita.<\/p>\n<\/div><\/section>\n<section  class='av_textblock_section av-lrtlc6us-905aaad15c7f97605c19b74de3bbc5af '   itemscope=\"itemscope\" itemtype=\"https:\/\/schema.org\/CreativeWork\" ><div class='avia_textblock'  itemprop=\"text\" ><p style=\"font-weight: 400;\">Durante la fase di progettazione dell&#8217;implementazione, PeopleWeek pu\u00f2 fornire competenze nelle seguenti aree:<\/p>\n<\/div><\/section>\n\n<style type=\"text\/css\" data-created_by=\"avia_inline_auto\" id=\"style-css-av-lrtle6yb-85ffe29cd608c26edf32712c12d64e8d\">\n#top .av_textblock_section.av-lrtle6yb-85ffe29cd608c26edf32712c12d64e8d .avia_textblock{\ncolumn-count:2;\ncolumn-gap:5%;\n}\n<\/style>\n<section  class='av_textblock_section av-lrtle6yb-85ffe29cd608c26edf32712c12d64e8d '   itemscope=\"itemscope\" itemtype=\"https:\/\/schema.org\/CreativeWork\" ><div class='avia_textblock av_multi_colums'  itemprop=\"text\" ><ul>\n<li>Trasformazione digitale e adozione di sistemi<\/li>\n<li>Conformit\u00e0 delle risorse umane (paghe, tasse, contabilit\u00e0)<\/li>\n<li>Progettazione di sistemi di performance<\/li>\n<li>Progettazione di premi e benefit per i dipendenti<\/li>\n<li>Gestione dei dati HR, analisi e reporting<\/li>\n<li>Ottimizzazione dei processi HR<\/li>\n<li>Protezione dei dati e privacy<\/li>\n<li>Mobilit\u00e0 internazionale<\/li>\n<li>Contabilit\u00e0 salariale internazionale e svizzera<\/li>\n<li>Progettazione organizzativa<\/li>\n<\/ul>\n<\/div><\/section>\n\n<\/div><\/div><\/div><!-- close content main div --><\/div><\/div>\n<style type=\"text\/css\" data-created_by=\"avia_inline_auto\" id=\"style-css-av-16ulin-180218bab85fa1d5d93aad3a91534904\">\n.avia-section.av-16ulin-180218bab85fa1d5d93aad3a91534904{\nbackground-color:#084a79;\nbackground-image:unset;\n}\n<\/style>\n<div id='av_section_3'  class='avia-section av-16ulin-180218bab85fa1d5d93aad3a91534904 main_color avia-section-default avia-no-shadow  avia-builder-el-21  el_after_av_section  el_before_av_section  avia-bg-style-scroll container_wrap fullsize'  ><div class='container av-section-cont-open' ><div class='template-page content  av-content-full alpha units'><div class='post-entry post-entry-type-page post-entry-3620'><div class='entry-content-wrapper clearfix'>\n\n<style type=\"text\/css\" data-created_by=\"avia_inline_auto\" id=\"style-css-av-ax9wr3-ab77bcb923edd8d6b506c76d39cff2e0\">\n.flex_column.av-ax9wr3-ab77bcb923edd8d6b506c76d39cff2e0{\nborder-radius:0px 0px 0px 0px;\npadding:0px 0px 0px 0px;\n}\n<\/style>\n<div  class='flex_column av-ax9wr3-ab77bcb923edd8d6b506c76d39cff2e0 av_one_half  avia-builder-el-22  el_before_av_one_half  avia-builder-el-first  first flex_column_div av-animated-generic bottom-to-top av-zero-column-padding  '     ><p>\n<style type=\"text\/css\" data-created_by=\"avia_inline_auto\" id=\"style-css-av-9vyvzj-df7eee1b8f4453a518db0981b5b8cca6\">\n#top .av-special-heading.av-9vyvzj-df7eee1b8f4453a518db0981b5b8cca6{\npadding-bottom:10px;\ncolor:#ffffff;\nfont-size:28px;\n}\nbody .av-special-heading.av-9vyvzj-df7eee1b8f4453a518db0981b5b8cca6 .av-special-heading-tag .heading-char{\nfont-size:25px;\n}\n#top #wrap_all .av-special-heading.av-9vyvzj-df7eee1b8f4453a518db0981b5b8cca6 .av-special-heading-tag{\nfont-size:28px;\n}\n.av-special-heading.av-9vyvzj-df7eee1b8f4453a518db0981b5b8cca6 .special-heading-inner-border{\nborder-color:#ffffff;\n}\n.av-special-heading.av-9vyvzj-df7eee1b8f4453a518db0981b5b8cca6 .av-subheading{\nfont-size:15px;\n}\n\n@media only screen and (min-width: 480px) and (max-width: 767px){ \n#top #wrap_all .av-special-heading.av-9vyvzj-df7eee1b8f4453a518db0981b5b8cca6 .av-special-heading-tag{\nfont-size:0.8em;\n}\n}\n\n@media only screen and (max-width: 479px){ \n#top #wrap_all .av-special-heading.av-9vyvzj-df7eee1b8f4453a518db0981b5b8cca6 .av-special-heading-tag{\nfont-size:0.8em;\n}\n}\n<\/style>\n<div  class='av-special-heading av-9vyvzj-df7eee1b8f4453a518db0981b5b8cca6 av-special-heading-h3 custom-color-heading blockquote modern-quote  avia-builder-el-23  el_before_av_textblock  avia-builder-el-first  av-inherit-size'><h3 class='av-special-heading-tag '  itemprop=\"headline\"  >La Nostra Missione<\/h3><div class=\"special-heading-border\"><div class=\"special-heading-inner-border\"><\/div><\/div><\/div><br \/>\n\n<style type=\"text\/css\" data-created_by=\"avia_inline_auto\" id=\"style-css-av-6xtxz3-9c340abb77685810182b9b1f9c06245c\">\n#top .av_textblock_section.av-6xtxz3-9c340abb77685810182b9b1f9c06245c .avia_textblock{\ncolor:#ffffff;\n}\n<\/style>\n<section  class='av_textblock_section av-6xtxz3-9c340abb77685810182b9b1f9c06245c '   itemscope=\"itemscope\" itemtype=\"https:\/\/schema.org\/CreativeWork\" ><div class='avia_textblock av_inherit_color'  itemprop=\"text\" ><p>La missione di PeopleWeek \u00e8 aiutare le organizzazioni a crescere semplificando la gestione delle persone, automatizzando l&#8217;amministrazione delle risorse umane e delle buste paga, migliorando la produttivit\u00e0 e favorendo la collaborazione dei dipendenti. Crediamo in funzionalit\u00e0 agili, intelligenti e intuitive, in modo che i nostri clienti possano concentrarsi sulla gestione della propria attivit\u00e0 piuttosto che sull&#8217;esecuzione di un sistema IT.<\/p>\n<\/div><\/section><\/p><\/div>\n<style type=\"text\/css\" data-created_by=\"avia_inline_auto\" id=\"style-css-av-59vt2n-ed9418cd6b0885752eef41d753351949\">\n.flex_column.av-59vt2n-ed9418cd6b0885752eef41d753351949{\nborder-radius:0px 0px 0px 0px;\npadding:0px 0px 0px 0px;\n}\n<\/style>\n<div  class='flex_column av-59vt2n-ed9418cd6b0885752eef41d753351949 av_one_half  avia-builder-el-25  el_after_av_one_half  avia-builder-el-last  flex_column_div av-animated-generic bottom-to-top av-zero-column-padding  '     ><p>\n<style type=\"text\/css\" data-created_by=\"avia_inline_auto\" id=\"style-css-av-49gxpr-fc41e5cddb89302b9d280f2e0291acd8\">\n#top .av-special-heading.av-49gxpr-fc41e5cddb89302b9d280f2e0291acd8{\npadding-bottom:10px;\ncolor:#ffffff;\nfont-size:28px;\n}\nbody .av-special-heading.av-49gxpr-fc41e5cddb89302b9d280f2e0291acd8 .av-special-heading-tag .heading-char{\nfont-size:25px;\n}\n#top #wrap_all .av-special-heading.av-49gxpr-fc41e5cddb89302b9d280f2e0291acd8 .av-special-heading-tag{\nfont-size:28px;\n}\n.av-special-heading.av-49gxpr-fc41e5cddb89302b9d280f2e0291acd8 .special-heading-inner-border{\nborder-color:#ffffff;\n}\n.av-special-heading.av-49gxpr-fc41e5cddb89302b9d280f2e0291acd8 .av-subheading{\nfont-size:15px;\n}\n\n@media only screen and (min-width: 480px) and (max-width: 767px){ \n#top #wrap_all .av-special-heading.av-49gxpr-fc41e5cddb89302b9d280f2e0291acd8 .av-special-heading-tag{\nfont-size:0.8em;\n}\n}\n\n@media only screen and (max-width: 479px){ \n#top #wrap_all .av-special-heading.av-49gxpr-fc41e5cddb89302b9d280f2e0291acd8 .av-special-heading-tag{\nfont-size:0.8em;\n}\n}\n<\/style>\n<div  class='av-special-heading av-49gxpr-fc41e5cddb89302b9d280f2e0291acd8 av-special-heading-h3 custom-color-heading blockquote modern-quote  avia-builder-el-26  el_before_av_textblock  avia-builder-el-first  av-inherit-size'><h3 class='av-special-heading-tag '  itemprop=\"headline\"  >La Nostra Visione<\/h3><div class=\"special-heading-border\"><div class=\"special-heading-inner-border\"><\/div><\/div><\/div><br \/>\n\n<style type=\"text\/css\" data-created_by=\"avia_inline_auto\" id=\"style-css-av-244q8f-cf66e9678cbacf9b8c2f489611bdb0ed\">\n#top .av_textblock_section.av-244q8f-cf66e9678cbacf9b8c2f489611bdb0ed .avia_textblock{\ncolor:#ffffff;\n}\n<\/style>\n<section  class='av_textblock_section av-244q8f-cf66e9678cbacf9b8c2f489611bdb0ed '   itemscope=\"itemscope\" itemtype=\"https:\/\/schema.org\/CreativeWork\" ><div class='avia_textblock av_inherit_color'  itemprop=\"text\" ><p>PeopleWeek vuole trasformare il panorama tecnologico delle risorse umane a livello internazionale per le organizzazioni di medie dimensioni, offrendo ai nostri clienti l&#8217;accesso a strumenti che fino ad ora erano fuori dalla loro portata a causa dei costi e della complessit\u00e0.<\/p>\n<\/div><\/section><\/p><\/div>\n\n<\/div><\/div><\/div><!-- close content main div --><\/div><\/div><div id='av_section_4'  class='avia-section av-lbukr1f6-f6fa570623a73a4aeb7aeb3dcb7b1b7e main_color avia-section-default avia-no-border-styling  avia-builder-el-28  el_after_av_section  el_before_av_section  ppl-faq-section invalid-custom-class-found faq-mbtm0 avia-bg-style-scroll container_wrap fullsize'  ><div class='container av-section-cont-open' ><div class='template-page content  av-content-full alpha units'><div class='post-entry post-entry-type-page post-entry-3620'><div class='entry-content-wrapper clearfix'>\n\n<style type=\"text\/css\" data-created_by=\"avia_inline_auto\" id=\"style-css-av-lwapmi8l-ad323ce74d1d4bbf9b2126550faeab9e\">\n.avia-video.av-lwapmi8l-ad323ce74d1d4bbf9b2126550faeab9e{\nbackground-image:url(https:\/\/peopleweek.com\/wp-content\/uploads\/2024\/03\/image1.jpg);\n}\n<\/style>\n<div  class='avia-video av-lwapmi8l-ad323ce74d1d4bbf9b2126550faeab9e avia-video-16-9 av-preview-image avia-video-load-always avia-video-html5'  itemprop=\"video\" itemtype=\"https:\/\/schema.org\/VideoObject\"  data-original_url='https:\/\/peopleweek.com\/wp-content\/uploads\/2026\/02\/Explainer-video-PeopleWeek-SA-Version-2026-IT.mp4'><video class='avia_video' poster=\"https:\/\/peopleweek.com\/wp-content\/uploads\/2024\/03\/image1.jpg\"   preload=\"auto\"  controls id='player_3620_962068518_393222909'><source src='https:\/\/peopleweek.com\/wp-content\/uploads\/2026\/02\/Explainer-video-PeopleWeek-SA-Version-2026-IT.mp4' type='video\/mp4' \/><\/video><\/div>\n\n<\/div><\/div><\/div><!-- close content main div --><\/div><\/div><div id='av_section_5'  class='avia-section av-av_section-4e0529e135a57b2f1a85411996dc77d0 main_color avia-section-default avia-no-border-styling  avia-builder-el-30  el_after_av_section  el_before_av_section  ppl-faq-section invalid-custom-class-found faq-mbtm0 avia-bg-style-scroll container_wrap fullsize'  ><div class='container av-section-cont-open' ><div class='template-page content  av-content-full alpha units'><div class='post-entry post-entry-type-page post-entry-3620'><div class='entry-content-wrapper clearfix'>\n\n<style type=\"text\/css\" data-created_by=\"avia_inline_auto\" id=\"style-css-av-av_heading-8540db9c96357f04e936e26fba45b7ef\">\n#top .av-special-heading.av-av_heading-8540db9c96357f04e936e26fba45b7ef{\npadding-bottom:10px;\n}\nbody .av-special-heading.av-av_heading-8540db9c96357f04e936e26fba45b7ef .av-special-heading-tag .heading-char{\nfont-size:25px;\n}\n.av-special-heading.av-av_heading-8540db9c96357f04e936e26fba45b7ef .av-subheading{\nfont-size:15px;\n}\n<\/style>\n<div  class='av-special-heading av-av_heading-8540db9c96357f04e936e26fba45b7ef av-special-heading-h2 blockquote modern-quote modern-centered  avia-builder-el-31  el_before_av_one_half  avia-builder-el-first '><h2 class='av-special-heading-tag '  itemprop=\"headline\"  >Domande e Risposte<\/h2><div class=\"special-heading-border\"><div class=\"special-heading-inner-border\"><\/div><\/div><\/div>\n<div  class='flex_column av-av_one_half-7714eba142aeda1f8b5272a3c372b279 av_one_half  avia-builder-el-32  el_after_av_heading  el_before_av_one_half  first flex_column_div  '     ><style type=\"text\/css\" data-created_by=\"avia_inline_auto\" id=\"style-css-av-mo8xc5du-0dcc1125346cea21ce1224558c1f4868\">\n#top .togglecontainer.av-mo8xc5du-0dcc1125346cea21ce1224558c1f4868 h6.toggler{\nfont-size:20px;\n}\n#top .togglecontainer.av-mo8xc5du-0dcc1125346cea21ce1224558c1f4868 h6.toggler.activeTitle{\ncolor:#084a79;\nborder-color:#084a79;\n}\n#top .togglecontainer.av-mo8xc5du-0dcc1125346cea21ce1224558c1f4868 h6.toggler.activeTitle .toggle_icon, #top .togglecontainer.av-mo8xc5du-0dcc1125346cea21ce1224558c1f4868 p.toggler.activeTitle .toggle_icon > span{\ncolor:#ffffff;\nborder-color:#ffffff;\n}\n<\/style>\n<div  class='togglecontainer av-mo8xc5du-0dcc1125346cea21ce1224558c1f4868 av-minimal-toggle  avia-builder-el-33  avia-builder-el-no-sibling  tab-readmore toggle_close_all hasCurrentStyle' >\n<section class='av_toggle_section av-mo8xbrby-fd114d865b0b0849381fbca07afbb3a3'  itemscope=\"itemscope\" itemtype=\"https:\/\/schema.org\/CreativeWork\" ><div role=\"tablist\" class=\"single_toggle\" data-tags=\"{Tutto} \"  ><h6 id='toggle-toggle-id-1' data-fake-id='#toggle-id-1' class='toggler  av-title-above '  itemprop=\"headline\"  role='tab' tabindex='0' aria-controls='toggle-id-1' data-slide-speed=\"200\" data-title=\"Dove si trovano i vostri server?\" data-title-open=\"\" data-aria_collapsed=\"Clicca per espandere: Dove si trovano i vostri server?\" data-aria_expanded=\"Fare clic per chiudere: Dove si trovano i vostri server?\">Dove si trovano i vostri server?<span class=\"toggle_icon\"><span class=\"vert_icon\"><\/span><span class=\"hor_icon\"><\/span><\/span><\/h6><div id='toggle-id-1' aria-labelledby='toggle-toggle-id-1' role='region' class='toggle_wrap  av-title-above'  ><div class='toggle_content invers-color '  itemprop=\"text\" ><p>Tutti i server PeopleWeek sono ospitati in data center di prim\u2019ordine in Svizzera.<\/p>\n<\/div><\/div><\/div><\/section>\n<section class='av_toggle_section av-av_toggle-4921c8deaa616e02b91227015b26990c'  itemscope=\"itemscope\" itemtype=\"https:\/\/schema.org\/CreativeWork\" ><div role=\"tablist\" class=\"single_toggle\" data-tags=\"{Tutto} \"  ><h6 id='toggle-toggle-id-2' data-fake-id='#toggle-id-2' class='toggler  av-title-above '  itemprop=\"headline\"  role='tab' tabindex='0' aria-controls='toggle-id-2' data-slide-speed=\"200\" data-title=\"Con quale frequenza eseguite il backup dei dati dei vostri clienti?\" data-title-open=\"\" data-aria_collapsed=\"Clicca per espandere: Con quale frequenza eseguite il backup dei dati dei vostri clienti?\" data-aria_expanded=\"Fare clic per chiudere: Con quale frequenza eseguite il backup dei dati dei vostri clienti?\">Con quale frequenza eseguite il backup dei dati dei vostri clienti?<span class=\"toggle_icon\"><span class=\"vert_icon\"><\/span><span class=\"hor_icon\"><\/span><\/span><\/h6><div id='toggle-id-2' aria-labelledby='toggle-toggle-id-2' role='region' class='toggle_wrap  av-title-above'  ><div class='toggle_content invers-color '  itemprop=\"text\" ><p>I backup vengono eseguiti quotidianamente e il periodo di conservazione predefinito \u00e8 di un mese. Tuttavia, i clienti possono richiedere periodi di conservazione pi\u00f9 lunghi a un costo aggiuntivo.<\/p>\n<\/div><\/div><\/div><\/section>\n<section class='av_toggle_section av-mo8xc3nc-f3dbe00a0020de74cd51a1d0225fcbfc'  itemscope=\"itemscope\" itemtype=\"https:\/\/schema.org\/CreativeWork\" ><div role=\"tablist\" class=\"single_toggle\" data-tags=\"{Tutto} \"  ><h6 id='toggle-toggle-id-3' data-fake-id='#toggle-id-3' class='toggler  av-title-above '  itemprop=\"headline\"  role='tab' tabindex='0' aria-controls='toggle-id-3' data-slide-speed=\"200\" data-title=\"Dove conservi i dati?\" data-title-open=\"\" data-aria_collapsed=\"Clicca per espandere: Dove conservi i dati?\" data-aria_expanded=\"Fare clic per chiudere: Dove conservi i dati?\">Dove conservi i dati?<span class=\"toggle_icon\"><span class=\"vert_icon\"><\/span><span class=\"hor_icon\"><\/span><\/span><\/h6><div id='toggle-id-3' aria-labelledby='toggle-toggle-id-3' role='region' class='toggle_wrap  av-title-above'  ><div class='toggle_content invers-color '  itemprop=\"text\" ><p>I dati dei clienti sono archiviati su server situati in Svizzera.<\/p>\n<\/div><\/div><\/div><\/section>\n<section class='av_toggle_section av-av_toggle-690bf9d6d8f95ec7e44865f17f4daeb7'  itemscope=\"itemscope\" itemtype=\"https:\/\/schema.org\/CreativeWork\" ><div role=\"tablist\" class=\"single_toggle\" data-tags=\"{Tutto} \"  ><h6 id='toggle-toggle-id-4' data-fake-id='#toggle-id-4' class='toggler  av-title-above '  itemprop=\"headline\"  role='tab' tabindex='0' aria-controls='toggle-id-4' data-slide-speed=\"200\" data-title=\"Avete un servizio di fall-back per i data center?\" data-title-open=\"\" data-aria_collapsed=\"Clicca per espandere: Avete un servizio di fall-back per i data center?\" data-aria_expanded=\"Fare clic per chiudere: Avete un servizio di fall-back per i data center?\">Avete un servizio di fall-back per i data center?<span class=\"toggle_icon\"><span class=\"vert_icon\"><\/span><span class=\"hor_icon\"><\/span><\/span><\/h6><div id='toggle-id-4' aria-labelledby='toggle-toggle-id-4' role='region' class='toggle_wrap  av-title-above'  ><div class='toggle_content invers-color '  itemprop=\"text\" ><p>S\u00ec, PeopleWeek offre un data center di fall-back, anch&#8217;esso situato in Svizzera.<\/p>\n<\/div><\/div><\/div><\/section>\n<section class='av_toggle_section av-av_toggle-3b17ecbd77968fb3763810d5673bd8c2'  itemscope=\"itemscope\" itemtype=\"https:\/\/schema.org\/CreativeWork\" ><div role=\"tablist\" class=\"single_toggle\" data-tags=\"{Tutto} \"  ><h6 id='toggle-toggle-id-5' data-fake-id='#toggle-id-5' class='toggler  av-title-above '  itemprop=\"headline\"  role='tab' tabindex='0' aria-controls='toggle-id-5' data-slide-speed=\"200\" data-title=\"Posso scegliere quali moduli acquistare?\" data-title-open=\"\" data-aria_collapsed=\"Clicca per espandere: Posso scegliere quali moduli acquistare?\" data-aria_expanded=\"Fare clic per chiudere: Posso scegliere quali moduli acquistare?\">Posso scegliere quali moduli acquistare?<span class=\"toggle_icon\"><span class=\"vert_icon\"><\/span><span class=\"hor_icon\"><\/span><\/span><\/h6><div id='toggle-id-5' aria-labelledby='toggle-toggle-id-5' role='region' class='toggle_wrap  av-title-above'  ><div class='toggle_content invers-color '  itemprop=\"text\" ><p>S\u00ec. Solo il modulo HCM (il modulo \u201cPersone\u201d) \u00e8 obbligatorio. Tutti gli altri moduli sono opzionali. Si pagano solo i moduli utilizzati. Potete anche aggiungere moduli nel tempo, in base all&#8217;evoluzione delle esigenze della vostra organizzazione.<\/p>\n<\/div><\/div><\/div><\/section>\n<section class='av_toggle_section av-av_toggle-cab69990eae18646b92ba57f74ac8a4d'  itemscope=\"itemscope\" itemtype=\"https:\/\/schema.org\/CreativeWork\" ><div role=\"tablist\" class=\"single_toggle\" data-tags=\"{Tutto} \"  ><h6 id='toggle-toggle-id-6' data-fake-id='#toggle-id-6' class='toggler  av-title-above '  itemprop=\"headline\"  role='tab' tabindex='0' aria-controls='toggle-id-6' data-slide-speed=\"200\" data-title=\"Cosa \u00e8 incluso nel costo della licenza?\" data-title-open=\"\" data-aria_collapsed=\"Clicca per espandere: Cosa \u00e8 incluso nel costo della licenza?\" data-aria_expanded=\"Fare clic per chiudere: Cosa \u00e8 incluso nel costo della licenza?\">Cosa \u00e8 incluso nel costo della licenza?<span class=\"toggle_icon\"><span class=\"vert_icon\"><\/span><span class=\"hor_icon\"><\/span><\/span><\/h6><div id='toggle-id-6' aria-labelledby='toggle-toggle-id-6' role='region' class='toggle_wrap  av-title-above'  ><div class='toggle_content invers-color '  itemprop=\"text\" ><p>I canoni di licenza includono le licenze software, l&#8217;hosting, il backup, il supporto e gli aggiornamenti.<\/p>\n<\/div><\/div><\/div><\/section>\n<section class='av_toggle_section av-av_toggle-8e74a4f7ffee1bd475eacba544f80b8c'  itemscope=\"itemscope\" itemtype=\"https:\/\/schema.org\/CreativeWork\" ><div role=\"tablist\" class=\"single_toggle\" data-tags=\"{Tutto} \"  ><h6 id='toggle-toggle-id-7' data-fake-id='#toggle-id-7' class='toggler  av-title-above '  itemprop=\"headline\"  role='tab' tabindex='0' aria-controls='toggle-id-7' data-slide-speed=\"200\" data-title=\"Quanto tempo richiede un\u2019implementazione?\" data-title-open=\"\" data-aria_collapsed=\"Clicca per espandere: Quanto tempo richiede un\u2019implementazione?\" data-aria_expanded=\"Fare clic per chiudere: Quanto tempo richiede un\u2019implementazione?\">Quanto tempo richiede un\u2019implementazione?<span class=\"toggle_icon\"><span class=\"vert_icon\"><\/span><span class=\"hor_icon\"><\/span><\/span><\/h6><div id='toggle-id-7' aria-labelledby='toggle-toggle-id-7' role='region' class='toggle_wrap  av-title-above'  ><div class='toggle_content invers-color '  itemprop=\"text\" ><p>Dipende dalla complessit\u00e0 dell&#8217;implementazione (ad es. numero di moduli, numero di entit\u00e0, dimensione della popolazione dei dipendenti, integrazioni con piattaforme di terze parti) e dalla qualit\u00e0 dei dati sulle persone esistenti. In generale, un&#8217;implementazione semplice richiede da 4 a 8 settimane e un&#8217;implementazione complessa da 12 a 16 settimane.<\/p>\n<\/div><\/div><\/div><\/section>\n<\/div><\/div><div  class='flex_column av-av_one_half-f1c518e9ff58e869f80c8f093487abc9 av_one_half  avia-builder-el-34  el_after_av_one_half  avia-builder-el-last  flex_column_div  '     ><style type=\"text\/css\" data-created_by=\"avia_inline_auto\" id=\"style-css-av-mo8xckwp-ae555c03dcc7216e0eb51e58db7dcc44\">\n#top .togglecontainer.av-mo8xckwp-ae555c03dcc7216e0eb51e58db7dcc44 h6.toggler{\nfont-size:20px;\n}\n#top .togglecontainer.av-mo8xckwp-ae555c03dcc7216e0eb51e58db7dcc44 h6.toggler.activeTitle{\ncolor:#084a79;\nborder-color:#084a79;\n}\n#top .togglecontainer.av-mo8xckwp-ae555c03dcc7216e0eb51e58db7dcc44 h6.toggler.activeTitle .toggle_icon, #top .togglecontainer.av-mo8xckwp-ae555c03dcc7216e0eb51e58db7dcc44 p.toggler.activeTitle .toggle_icon > span{\ncolor:#ffffff;\nborder-color:#ffffff;\n}\n<\/style>\n<div  class='togglecontainer av-mo8xckwp-ae555c03dcc7216e0eb51e58db7dcc44 av-minimal-toggle  avia-builder-el-35  avia-builder-el-no-sibling  tab-readmore toggle_close_all hasCurrentStyle' >\n<section class='av_toggle_section av-av_toggle-0be788c4858d00aa13cd9ffc34937fed'  itemscope=\"itemscope\" itemtype=\"https:\/\/schema.org\/CreativeWork\" ><div role=\"tablist\" class=\"single_toggle\" data-tags=\"{Tutto} \"  ><h6 id='toggle-toggle-id-8' data-fake-id='#toggle-id-8' class='toggler  av-title-above '  itemprop=\"headline\"  role='tab' tabindex='0' aria-controls='toggle-id-8' data-slide-speed=\"200\" data-title=\"Quale sar\u00e0 l\u2019url del mio dominio?\" data-title-open=\"\" data-aria_collapsed=\"Clicca per espandere: Quale sar\u00e0 l\u2019url del mio dominio?\" data-aria_expanded=\"Fare clic per chiudere: Quale sar\u00e0 l\u2019url del mio dominio?\">Quale sar\u00e0 l\u2019url del mio dominio?<span class=\"toggle_icon\"><span class=\"vert_icon\"><\/span><span class=\"hor_icon\"><\/span><\/span><\/h6><div id='toggle-id-8' aria-labelledby='toggle-toggle-id-8' role='region' class='toggle_wrap  av-title-above'  ><div class='toggle_content invers-color '  itemprop=\"text\" ><p>I clienti di PeopleWeek possono scegliere il proprio prefisso (utilizzando l&#8217;URL del dominio PeopleWeek).<\/p>\n<\/div><\/div><\/div><\/section>\n<section class='av_toggle_section av-av_toggle-6e7e96b5eb0f8a5dbf085fef7f2d6203'  itemscope=\"itemscope\" itemtype=\"https:\/\/schema.org\/CreativeWork\" ><div role=\"tablist\" class=\"single_toggle\" data-tags=\"{Tutto} \"  ><h6 id='toggle-toggle-id-9' data-fake-id='#toggle-id-9' class='toggler  av-title-above '  itemprop=\"headline\"  role='tab' tabindex='0' aria-controls='toggle-id-9' data-slide-speed=\"200\" data-title=\"Posso personalizzare il software?\" data-title-open=\"\" data-aria_collapsed=\"Clicca per espandere: Posso personalizzare il software?\" data-aria_expanded=\"Fare clic per chiudere: Posso personalizzare il software?\">Posso personalizzare il software?<span class=\"toggle_icon\"><span class=\"vert_icon\"><\/span><span class=\"hor_icon\"><\/span><\/span><\/h6><div id='toggle-id-9' aria-labelledby='toggle-toggle-id-9' role='region' class='toggle_wrap  av-title-above'  ><div class='toggle_content invers-color '  itemprop=\"text\" ><p>PeopleWeek \u00e8 Software as a Service (SaaS). Questo approccio significa che il design e la configurazione di base del sistema sono standardizzati (nonostante ci siano molte opzioni di configurabilit\u00e0), rendendo cos\u00ec facili le implementazioni e le nuove versioni per i nostri clienti poich\u00e9 non sono necessari test da parte loro.<\/p>\n<\/div><\/div><\/div><\/section>\n<section class='av_toggle_section av-av_toggle-056813d486063c4e6556fbd77924a955'  itemscope=\"itemscope\" itemtype=\"https:\/\/schema.org\/CreativeWork\" ><div role=\"tablist\" class=\"single_toggle\" data-tags=\"{Tutto} \"  ><h6 id='toggle-toggle-id-10' data-fake-id='#toggle-id-10' class='toggler  av-title-above '  itemprop=\"headline\"  role='tab' tabindex='0' aria-controls='toggle-id-10' data-slide-speed=\"200\" data-title=\"Posso impostare una lingua preferita come lingua predefinita per tutta l\u2019azienda?\" data-title-open=\"\" data-aria_collapsed=\"Clicca per espandere: Posso impostare una lingua preferita come lingua predefinita per tutta l\u2019azienda?\" data-aria_expanded=\"Fare clic per chiudere: Posso impostare una lingua preferita come lingua predefinita per tutta l\u2019azienda?\">Posso impostare una lingua preferita come lingua predefinita per tutta l\u2019azienda?<span class=\"toggle_icon\"><span class=\"vert_icon\"><\/span><span class=\"hor_icon\"><\/span><\/span><\/h6><div id='toggle-id-10' aria-labelledby='toggle-toggle-id-10' role='region' class='toggle_wrap  av-title-above'  ><div class='toggle_content invers-color '  itemprop=\"text\" ><p>S\u00ec, questo \u00e8 molto facile da fare. Inoltre, ogni utente pu\u00f2 selezionare la lingua dell&#8217;interfaccia utente preferita. PeopleWeek \u00e8 attualmente disponibile in inglese, francese, tedesco, italiano, portoghese e spagnolo.<\/p>\n<\/div><\/div><\/div><\/section>\n<section class='av_toggle_section av-mo8xck86-9a7dc32ee0e63ecc7f6bcb22abfae077'  itemscope=\"itemscope\" itemtype=\"https:\/\/schema.org\/CreativeWork\" ><div role=\"tablist\" class=\"single_toggle\" data-tags=\"{Tutto} \"  ><h6 id='toggle-toggle-id-11' data-fake-id='#toggle-id-11' class='toggler  av-title-above '  itemprop=\"headline\"  role='tab' tabindex='0' aria-controls='toggle-id-11' data-slide-speed=\"200\" data-title=\"Esiste una versione gratuita o di prova?\" data-title-open=\"\" data-aria_collapsed=\"Clicca per espandere: Esiste una versione gratuita o di prova?\" data-aria_expanded=\"Fare clic per chiudere: Esiste una versione gratuita o di prova?\">Esiste una versione gratuita o di prova?<span class=\"toggle_icon\"><span class=\"vert_icon\"><\/span><span class=\"hor_icon\"><\/span><\/span><\/h6><div id='toggle-id-11' aria-labelledby='toggle-toggle-id-11' role='region' class='toggle_wrap  av-title-above'  ><div class='toggle_content invers-color '  itemprop=\"text\" ><p>PeopleWeek offre accesso di prova a potenziali clienti qualificati, consentendole di esplorare la piattaforma attraverso un ambiente preconfigurato che copre i moduli rilevanti per le sue esigenze. Questo ambiente di prova \u00e8 progettato per offrirle una comprensione chiara e concreta del funzionamento del sistema, senza alcun obbligo di proseguire. Ove opportuno, possiamo adattare alcuni elementi &#8211; come entit\u00e0 e dipartimenti &#8211; per riflettere meglio la sua organizzazione. Qualora decidesse di procedere, la piattaforma viene quindi progettata per soddisfare i suoi requisiti specifici, workflow e processi nell\u2019ambito della fase di implementazione.<\/p>\n<\/div><\/div><\/div><\/section>\n<section class='av_toggle_section av-av_toggle-fe5a246327e1faf6cb493e95be1511db'  itemscope=\"itemscope\" itemtype=\"https:\/\/schema.org\/CreativeWork\" ><div role=\"tablist\" class=\"single_toggle\" data-tags=\"{Tutto} \"  ><h6 id='toggle-toggle-id-12' data-fake-id='#toggle-id-12' class='toggler  av-title-above '  itemprop=\"headline\"  role='tab' tabindex='0' aria-controls='toggle-id-12' data-slide-speed=\"200\" data-title=\"Peopleweek ha un\u2019applicazione mobile?\" data-title-open=\"\" data-aria_collapsed=\"Clicca per espandere: Peopleweek ha un\u2019applicazione mobile?\" data-aria_expanded=\"Fare clic per chiudere: Peopleweek ha un\u2019applicazione mobile?\">Peopleweek ha un\u2019applicazione mobile?<span class=\"toggle_icon\"><span class=\"vert_icon\"><\/span><span class=\"hor_icon\"><\/span><\/span><\/h6><div id='toggle-id-12' aria-labelledby='toggle-toggle-id-12' role='region' class='toggle_wrap  av-title-above'  ><div class='toggle_content invers-color '  itemprop=\"text\" ><p>S\u00ec. PeopleWeek ha un&#8217;applicazione mobile per iOS e Android.<\/p>\n<\/div><\/div><\/div><\/section>\n<section class='av_toggle_section av-av_toggle-5a569eac26d2dd60aa806096d0289741'  itemscope=\"itemscope\" itemtype=\"https:\/\/schema.org\/CreativeWork\" ><div role=\"tablist\" class=\"single_toggle\" data-tags=\"{Tutto} \"  ><h6 id='toggle-toggle-id-13' data-fake-id='#toggle-id-13' class='toggler  av-title-above '  itemprop=\"headline\"  role='tab' tabindex='0' aria-controls='toggle-id-13' data-slide-speed=\"200\" data-title=\"PeopleWeek consente la personalizzazione di colori e loghi?\" data-title-open=\"\" data-aria_collapsed=\"Clicca per espandere: PeopleWeek consente la personalizzazione di colori e loghi?\" data-aria_expanded=\"Fare clic per chiudere: PeopleWeek consente la personalizzazione di colori e loghi?\">PeopleWeek consente la personalizzazione di colori e loghi?<span class=\"toggle_icon\"><span class=\"vert_icon\"><\/span><span class=\"hor_icon\"><\/span><\/span><\/h6><div id='toggle-id-13' aria-labelledby='toggle-toggle-id-13' role='region' class='toggle_wrap  av-title-above'  ><div class='toggle_content invers-color '  itemprop=\"text\" ><p>S\u00ec. L&#8217;interfaccia utente dei nostri clienti \u00e8 personalizzabile con il loro logo e colore. Se necessario, le configurazioni possono anche essere diverse per entit\u00e0.<\/p>\n<\/div><\/div><\/div><\/section>\n<section class='av_toggle_section av-av_toggle-67821c1127e17f91de91d1b41dc5e718'  itemscope=\"itemscope\" itemtype=\"https:\/\/schema.org\/CreativeWork\" ><div role=\"tablist\" class=\"single_toggle\" data-tags=\"{Tutto} \"  ><h6 id='toggle-toggle-id-14' data-fake-id='#toggle-id-14' class='toggler  av-title-above '  itemprop=\"headline\"  role='tab' tabindex='0' aria-controls='toggle-id-14' data-slide-speed=\"200\" data-title=\"Cosa \u00e8 configurabile a livello di entit\u00e0?\" data-title-open=\"\" data-aria_collapsed=\"Clicca per espandere: Cosa \u00e8 configurabile a livello di entit\u00e0?\" data-aria_expanded=\"Fare clic per chiudere: Cosa \u00e8 configurabile a livello di entit\u00e0?\">Cosa \u00e8 configurabile a livello di entit\u00e0?<span class=\"toggle_icon\"><span class=\"vert_icon\"><\/span><span class=\"hor_icon\"><\/span><\/span><\/h6><div id='toggle-id-14' aria-labelledby='toggle-toggle-id-14' role='region' class='toggle_wrap  av-title-above'  ><div class='toggle_content invers-color '  itemprop=\"text\" ><p>La maggior parte delle funzionalit\u00e0 pu\u00f2 essere configurata a livello di entit\u00e0. Ci\u00f2 significa che PeopleWeek \u00e8 una piattaforma molto flessibile per le organizzazioni con pi\u00f9 entit\u00e0 che hanno pratiche HR diverse.<\/p>\n<\/div><\/div><\/div><\/section>\n<\/div><\/div><\/div><\/div><\/div><!-- close content main div --><\/div><\/div>\n<style type=\"text\/css\" data-created_by=\"avia_inline_auto\" id=\"style-css-av-lbugms3z-a1d565ca9951de5bf4f2ad2258176fcc\">\n.avia-section.av-lbugms3z-a1d565ca9951de5bf4f2ad2258176fcc{\nbackground-color:#f7f7f7;\nbackground-image:unset;\n}\n<\/style>\n<div id='av_section_6'  class='avia-section av-lbugms3z-a1d565ca9951de5bf4f2ad2258176fcc main_color avia-section-default avia-no-border-styling  avia-builder-el-36  el_after_av_section  el_before_av_section  ppl-blog-section avia-bg-style-scroll container_wrap fullsize'  ><div class='container av-section-cont-open' ><div class='template-page content  av-content-full alpha units'><div class='post-entry post-entry-type-page post-entry-3620'><div class='entry-content-wrapper clearfix'>\n\n<style type=\"text\/css\" data-created_by=\"avia_inline_auto\" id=\"style-css-av-lbugn6pi-52edc6d95ec5f6e89485fb9aeaba535b\">\n#top .av-special-heading.av-lbugn6pi-52edc6d95ec5f6e89485fb9aeaba535b{\npadding-bottom:10px;\n}\nbody .av-special-heading.av-lbugn6pi-52edc6d95ec5f6e89485fb9aeaba535b .av-special-heading-tag .heading-char{\nfont-size:25px;\n}\n.av-special-heading.av-lbugn6pi-52edc6d95ec5f6e89485fb9aeaba535b .av-subheading{\nfont-size:15px;\n}\n<\/style>\n<div  class='av-special-heading av-lbugn6pi-52edc6d95ec5f6e89485fb9aeaba535b av-special-heading-h2 blockquote modern-quote modern-centered  avia-builder-el-37  el_before_av_blog  avia-builder-el-first '><h2 class='av-special-heading-tag '  itemprop=\"headline\"  >Blog<\/h2><div class=\"special-heading-border\"><div class=\"special-heading-inner-border\"><\/div><\/div><\/div>\n<div  data-slideshow-options=\"{&quot;animation&quot;:&quot;fade&quot;,&quot;autoplay&quot;:false,&quot;loop_autoplay&quot;:&quot;once&quot;,&quot;interval&quot;:5,&quot;loop_manual&quot;:&quot;manual-endless&quot;,&quot;autoplay_stopper&quot;:false,&quot;noNavigation&quot;:false,&quot;show_slide_delay&quot;:90}\" class='avia-content-slider avia-content-grid-active avia-content-slider1 avia-content-slider-even  avia-builder-el-38  el_after_av_heading  el_before_av_postslider  ppl-blogpost clsnone av-slideshow-ui av-control-default   av-no-slider-navigation av-slideshow-manual av-loop-once av-loop-manual-endless '  itemscope=\"itemscope\" itemtype=\"https:\/\/schema.org\/Blog\" ><div class=\"avia-content-slider-inner\"><div class=\"slide-entry-wrap\"><article class='slide-entry flex_column  post-entry post-entry-10856 slide-entry-overview slide-loop-1 slide-parity-odd  av_one_fourth first real-thumbnail posttype-post post-format-standard'  itemscope=\"itemscope\" itemtype=\"https:\/\/schema.org\/CreativeWork\" ><a href='https:\/\/peopleweek.com\/it\/controlli-dei-precedenti-non-tirare-i-dadi-%f0%9f%8e%b2\/' data-rel='slide-1' class='slide-image' title='Controlli dei precedenti \u2013 Non tirare i dadi! \ud83c\udfb2'><img decoding=\"async\" loading=\"lazy\" width=\"260\" height=\"185\" src=\"https:\/\/peopleweek.com\/wp-content\/uploads\/2025\/08\/dice-260x185.png\" class=\"wp-image-10818 avia-img-lazy-loading-10818 attachment-portfolio_small size-portfolio_small wp-post-image\" alt=\"\" \/><\/a><div class=\"slide-content\"><header class=\"entry-content-header\" aria-label=\"Diapositiva: Controlli dei precedenti \u2013 Non tirare i dadi! \ud83c\udfb2\"><span class=\"blog-categories minor-meta\"><a href=\"https:\/\/peopleweek.com\/it\/category\/blog-2\/\" rel=\"tag\">Blog<\/a> <\/span><h3 class='slide-entry-title entry-title '  itemprop=\"headline\" ><a href='https:\/\/peopleweek.com\/it\/controlli-dei-precedenti-non-tirare-i-dadi-%f0%9f%8e%b2\/' title='Controlli dei precedenti \u2013 Non tirare i dadi! \ud83c\udfb2'>Controlli dei precedenti \u2013 Non tirare i dadi! \ud83c\udfb2<\/a><\/h3><span class=\"av-vertical-delimiter\"><\/span><\/header><div class='slide-entry-excerpt entry-content'  itemprop=\"text\" >\nQuando ho ottenuto il mio primo lavoro in una grande banca americana negli anni \u201990, il mio me stesso studente e magrolino (in un completo malfatto) ha dovuto superare un controllo dei precedenti prima ancora del primo giorno.\n\n\n\nAvanti veloce\u2026<div class=\"read-more-link\"><a href=\"https:\/\/peopleweek.com\/it\/controlli-dei-precedenti-non-tirare-i-dadi-%f0%9f%8e%b2\/\" class=\"more-link\">Continua a leggere<span class='more-link-arrow avia-svg-icon avia-font-svg_entypo-fontello' data-av_svg_icon='right-open-big' data-av_iconset='svg_entypo-fontello'><svg version=\"1.1\" xmlns=\"http:\/\/www.w3.org\/2000\/svg\" width=\"15\" height=\"32\" viewBox=\"0 0 15 32\" preserveAspectRatio=\"xMidYMid meet\" role=\"graphics-symbol\" aria-hidden=\"true\">\n<path d=\"M0.416 27.84l11.456-11.84-11.456-11.904q-0.832-0.832 0-1.536 0.832-0.832 1.536 0l12.544 12.608q0.768 0.832 0 1.6l-12.544 12.608q-0.704 0.832-1.536 0-0.832-0.704 0-1.536z\"><\/path>\n<\/svg><\/span><\/a><\/div><\/div><\/div><footer class=\"entry-footer\"><div class=\"slide-meta\"><time class='slide-meta-time updated'  itemprop=\"datePublished\" datetime=\"2025-08-19T11:18:23+00:00\" >Agosto 19, 2025<\/time><\/div><\/footer><span class='hidden'>\n\t\t\t\t<span class='av-structured-data'  itemprop=\"image\" itemscope=\"itemscope\" itemtype=\"https:\/\/schema.org\/ImageObject\" >\n\t\t\t\t\t\t<span itemprop='url'>https:\/\/peopleweek.com\/wp-content\/uploads\/2025\/08\/dice.png<\/span>\n\t\t\t\t\t\t<span itemprop='height'>1024<\/span>\n\t\t\t\t\t\t<span itemprop='width'>1536<\/span>\n\t\t\t\t<\/span>\n\t\t\t\t<span class='av-structured-data'  itemprop=\"publisher\" itemtype=\"https:\/\/schema.org\/Organization\" itemscope=\"itemscope\" >\n\t\t\t\t\t\t<span itemprop='name'>Paul<\/span>\n\t\t\t\t\t\t<span itemprop='logo' itemscope itemtype='https:\/\/schema.org\/ImageObject'>\n\t\t\t\t\t\t\t<span itemprop='url'>https:\/\/peopleweek.com\/wp-content\/uploads\/2023\/01\/peopleweeklogo.png<\/span>\n\t\t\t\t\t\t<\/span>\n\t\t\t\t<\/span><span class='av-structured-data'  itemprop=\"author\" itemscope=\"itemscope\" itemtype=\"https:\/\/schema.org\/Person\" ><span itemprop='name'>Paul<\/span><\/span><span class='av-structured-data'  itemprop=\"datePublished\" datetime=\"2022-12-19T06:59:10+00:00\" >2025-08-19 11:18:23<\/span><span class='av-structured-data'  itemprop=\"dateModified\" itemtype=\"https:\/\/schema.org\/dateModified\" >2025-08-19 11:18:24<\/span><span class='av-structured-data'  itemprop=\"mainEntityOfPage\" itemtype=\"https:\/\/schema.org\/mainEntityOfPage\" ><span itemprop='name'>Controlli dei precedenti \u2013 Non tirare i dadi! \ud83c\udfb2<\/span><\/span><\/span><\/article><article class='slide-entry flex_column  post-entry post-entry-10583 slide-entry-overview slide-loop-2 slide-parity-even  av_one_fourth  real-thumbnail posttype-post post-format-standard'  itemscope=\"itemscope\" itemtype=\"https:\/\/schema.org\/CreativeWork\" ><a href='https:\/\/peopleweek.com\/it\/svegliati-europa-e-tempo-di-sostenere-il-nostro-settore-tecnologico\/' data-rel='slide-1' class='slide-image' title='Svegliati Europa: \u00e8 tempo di sostenere il nostro settore tecnologico'><img decoding=\"async\" loading=\"lazy\" width=\"260\" height=\"185\" src=\"https:\/\/peopleweek.com\/wp-content\/uploads\/2025\/04\/image4-1-260x185.png\" class=\"wp-image-10605 avia-img-lazy-loading-10605 attachment-portfolio_small size-portfolio_small wp-post-image\" alt=\"\" \/><\/a><div class=\"slide-content\"><header class=\"entry-content-header\" aria-label=\"Diapositiva: Svegliati Europa: \u00e8 tempo di sostenere il nostro settore tecnologico\"><span class=\"blog-categories minor-meta\"><a href=\"https:\/\/peopleweek.com\/it\/category\/blog-2\/\" rel=\"tag\">Blog<\/a> <\/span><h3 class='slide-entry-title entry-title '  itemprop=\"headline\" ><a href='https:\/\/peopleweek.com\/it\/svegliati-europa-e-tempo-di-sostenere-il-nostro-settore-tecnologico\/' title='Svegliati Europa: \u00e8 tempo di sostenere il nostro settore tecnologico'>Svegliati Europa: \u00e8 tempo di sostenere il nostro settore tecnologico<\/a><\/h3><span class=\"av-vertical-delimiter\"><\/span><\/header><div class='slide-entry-excerpt entry-content'  itemprop=\"text\" >\nPer anni, le aziende tecnologiche statunitensi hanno prosperato a livello internazionale grazie al \"vantaggio competitivo\". Il vantaggio competitivo nel commercio internazionale si riferisce alla capacit\u00e0 di una nazione di produrre beni e\u2026<div class=\"read-more-link\"><a href=\"https:\/\/peopleweek.com\/it\/svegliati-europa-e-tempo-di-sostenere-il-nostro-settore-tecnologico\/\" class=\"more-link\">Continua a leggere<span class='more-link-arrow avia-svg-icon avia-font-svg_entypo-fontello' data-av_svg_icon='right-open-big' data-av_iconset='svg_entypo-fontello'><svg version=\"1.1\" xmlns=\"http:\/\/www.w3.org\/2000\/svg\" width=\"15\" height=\"32\" viewBox=\"0 0 15 32\" preserveAspectRatio=\"xMidYMid meet\" role=\"graphics-symbol\" aria-hidden=\"true\">\n<path d=\"M0.416 27.84l11.456-11.84-11.456-11.904q-0.832-0.832 0-1.536 0.832-0.832 1.536 0l12.544 12.608q0.768 0.832 0 1.6l-12.544 12.608q-0.704 0.832-1.536 0-0.832-0.704 0-1.536z\"><\/path>\n<\/svg><\/span><\/a><\/div><\/div><\/div><footer class=\"entry-footer\"><div class=\"slide-meta\"><time class='slide-meta-time updated'  itemprop=\"datePublished\" datetime=\"2025-04-07T16:51:06+00:00\" >Aprile 7, 2025<\/time><\/div><\/footer><span class='hidden'>\n\t\t\t\t<span class='av-structured-data'  itemprop=\"image\" itemscope=\"itemscope\" itemtype=\"https:\/\/schema.org\/ImageObject\" >\n\t\t\t\t\t\t<span itemprop='url'>https:\/\/peopleweek.com\/wp-content\/uploads\/2025\/04\/image4-1.png<\/span>\n\t\t\t\t\t\t<span itemprop='height'>400<\/span>\n\t\t\t\t\t\t<span itemprop='width'>600<\/span>\n\t\t\t\t<\/span>\n\t\t\t\t<span class='av-structured-data'  itemprop=\"publisher\" itemtype=\"https:\/\/schema.org\/Organization\" itemscope=\"itemscope\" >\n\t\t\t\t\t\t<span itemprop='name'>PeopleWeek<\/span>\n\t\t\t\t\t\t<span itemprop='logo' itemscope itemtype='https:\/\/schema.org\/ImageObject'>\n\t\t\t\t\t\t\t<span itemprop='url'>https:\/\/peopleweek.com\/wp-content\/uploads\/2023\/01\/peopleweeklogo.png<\/span>\n\t\t\t\t\t\t<\/span>\n\t\t\t\t<\/span><span class='av-structured-data'  itemprop=\"author\" itemscope=\"itemscope\" itemtype=\"https:\/\/schema.org\/Person\" ><span itemprop='name'>PeopleWeek<\/span><\/span><span class='av-structured-data'  itemprop=\"datePublished\" datetime=\"2022-12-19T06:59:10+00:00\" >2025-04-07 16:51:06<\/span><span class='av-structured-data'  itemprop=\"dateModified\" itemtype=\"https:\/\/schema.org\/dateModified\" >2025-04-09 14:09:59<\/span><span class='av-structured-data'  itemprop=\"mainEntityOfPage\" itemtype=\"https:\/\/schema.org\/mainEntityOfPage\" ><span itemprop='name'>Svegliati Europa: \u00e8 tempo di sostenere il nostro settore tecnologico<\/span><\/span><\/span><\/article><article class='slide-entry flex_column  post-entry post-entry-10483 slide-entry-overview slide-loop-3 slide-parity-odd  av_one_fourth  real-thumbnail posttype-post post-format-standard'  itemscope=\"itemscope\" itemtype=\"https:\/\/schema.org\/CreativeWork\" ><a href='https:\/\/peopleweek.com\/it\/se-aumenti-il-prezzo-del-fottuto-hot-dog-ti-uccido-una-lezione-su-come-proteggere-i-clienti-dagli-aumenti-di-prezzo\/' data-rel='slide-1' class='slide-image' title='&#8220;Se aumenti il \u200b\u200bprezzo del fottuto hot dog, ti uccido &#8220;: una lezione su come proteggere i clienti dagli aumenti di prezzo'><img decoding=\"async\" loading=\"lazy\" width=\"260\" height=\"185\" src=\"https:\/\/peopleweek.com\/wp-content\/uploads\/2025\/03\/Hot-dog-image-1-260x185.jpg\" class=\"wp-image-10477 avia-img-lazy-loading-10477 attachment-portfolio_small size-portfolio_small wp-post-image\" alt=\"\" \/><\/a><div class=\"slide-content\"><header class=\"entry-content-header\" aria-label=\"Diapositiva: &quot;Se aumenti il \u200b\u200bprezzo del fottuto hot dog, ti uccido &quot;: una lezione su come proteggere i clienti dagli aumenti di prezzo\"><span class=\"blog-categories minor-meta\"><a href=\"https:\/\/peopleweek.com\/it\/category\/blog-2\/\" rel=\"tag\">Blog<\/a> <\/span><h3 class='slide-entry-title entry-title '  itemprop=\"headline\" ><a href='https:\/\/peopleweek.com\/it\/se-aumenti-il-prezzo-del-fottuto-hot-dog-ti-uccido-una-lezione-su-come-proteggere-i-clienti-dagli-aumenti-di-prezzo\/' title='&#8220;Se aumenti il \u200b\u200bprezzo del fottuto hot dog, ti uccido &#8220;: una lezione su come proteggere i clienti dagli aumenti di prezzo'>&#8220;Se aumenti il \u200b\u200bprezzo del fottuto hot dog, ti uccido &#8220;: una lezione su come proteggere i clienti dagli aumenti di prezzo<\/a><\/h3><span class=\"av-vertical-delimiter\"><\/span><\/header><div class='slide-entry-excerpt entry-content'  itemprop=\"text\" >\nNel panorama aziendale odierno, in cui l'inflazione e i progressi tecnologici aumentano continuamente le spese operative, le aziende si trovano di fronte a una decisione fondamentale: assorbire questi costi o scaricarli sui clienti. Molte aziende\u2026<div class=\"read-more-link\"><a href=\"https:\/\/peopleweek.com\/it\/se-aumenti-il-prezzo-del-fottuto-hot-dog-ti-uccido-una-lezione-su-come-proteggere-i-clienti-dagli-aumenti-di-prezzo\/\" class=\"more-link\">Continua a leggere<span class='more-link-arrow avia-svg-icon avia-font-svg_entypo-fontello' data-av_svg_icon='right-open-big' data-av_iconset='svg_entypo-fontello'><svg version=\"1.1\" xmlns=\"http:\/\/www.w3.org\/2000\/svg\" width=\"15\" height=\"32\" viewBox=\"0 0 15 32\" preserveAspectRatio=\"xMidYMid meet\" role=\"graphics-symbol\" aria-hidden=\"true\">\n<path d=\"M0.416 27.84l11.456-11.84-11.456-11.904q-0.832-0.832 0-1.536 0.832-0.832 1.536 0l12.544 12.608q0.768 0.832 0 1.6l-12.544 12.608q-0.704 0.832-1.536 0-0.832-0.704 0-1.536z\"><\/path>\n<\/svg><\/span><\/a><\/div><\/div><\/div><footer class=\"entry-footer\"><div class=\"slide-meta\"><time class='slide-meta-time updated'  itemprop=\"datePublished\" datetime=\"2025-03-25T15:34:09+00:00\" >Marzo 25, 2025<\/time><\/div><\/footer><span class='hidden'>\n\t\t\t\t<span class='av-structured-data'  itemprop=\"image\" itemscope=\"itemscope\" itemtype=\"https:\/\/schema.org\/ImageObject\" >\n\t\t\t\t\t\t<span itemprop='url'>https:\/\/peopleweek.com\/wp-content\/uploads\/2025\/03\/Hot-dog-image-1.jpg<\/span>\n\t\t\t\t\t\t<span itemprop='height'>1024<\/span>\n\t\t\t\t\t\t<span itemprop='width'>1024<\/span>\n\t\t\t\t<\/span>\n\t\t\t\t<span class='av-structured-data'  itemprop=\"publisher\" itemtype=\"https:\/\/schema.org\/Organization\" itemscope=\"itemscope\" >\n\t\t\t\t\t\t<span itemprop='name'>PeopleWeek<\/span>\n\t\t\t\t\t\t<span itemprop='logo' itemscope itemtype='https:\/\/schema.org\/ImageObject'>\n\t\t\t\t\t\t\t<span itemprop='url'>https:\/\/peopleweek.com\/wp-content\/uploads\/2023\/01\/peopleweeklogo.png<\/span>\n\t\t\t\t\t\t<\/span>\n\t\t\t\t<\/span><span class='av-structured-data'  itemprop=\"author\" itemscope=\"itemscope\" itemtype=\"https:\/\/schema.org\/Person\" ><span itemprop='name'>PeopleWeek<\/span><\/span><span class='av-structured-data'  itemprop=\"datePublished\" datetime=\"2022-12-19T06:59:10+00:00\" >2025-03-25 15:34:09<\/span><span class='av-structured-data'  itemprop=\"dateModified\" itemtype=\"https:\/\/schema.org\/dateModified\" >2025-03-25 15:34:11<\/span><span class='av-structured-data'  itemprop=\"mainEntityOfPage\" itemtype=\"https:\/\/schema.org\/mainEntityOfPage\" ><span itemprop='name'>&#8220;Se aumenti il \u200b\u200bprezzo del fottuto hot dog, ti uccido &#8220;: una lezione su come proteggere i clienti dagli aumenti di prezzo<\/span><\/span><\/span><\/article><article class='slide-entry flex_column  post-entry post-entry-10321 slide-entry-overview slide-loop-4 slide-parity-even  post-entry-last  av_one_fourth  real-thumbnail posttype-post post-format-standard'  itemscope=\"itemscope\" itemtype=\"https:\/\/schema.org\/CreativeWork\" ><a href='https:\/\/peopleweek.com\/it\/fair-play-nelle-tariffe-commerciali-ma-che-dire-della-privacy-e-della-protezione-dei-dati\/' data-rel='slide-1' class='slide-image' title='Fair Play nelle tariffe commerciali, ma che dire della privacy e della protezione dei dati?'><img decoding=\"async\" loading=\"lazy\" width=\"260\" height=\"185\" src=\"https:\/\/peopleweek.com\/wp-content\/uploads\/2025\/02\/Flags-260x185.jpg\" class=\"wp-image-10319 avia-img-lazy-loading-10319 attachment-portfolio_small size-portfolio_small wp-post-image\" alt=\"\" \/><\/a><div class=\"slide-content\"><header class=\"entry-content-header\" aria-label=\"Diapositiva: Fair Play nelle tariffe commerciali, ma che dire della privacy e della protezione dei dati?\"><span class=\"blog-categories minor-meta\"><a href=\"https:\/\/peopleweek.com\/it\/category\/blog-2\/\" rel=\"tag\">Blog<\/a> <\/span><h3 class='slide-entry-title entry-title '  itemprop=\"headline\" ><a href='https:\/\/peopleweek.com\/it\/fair-play-nelle-tariffe-commerciali-ma-che-dire-della-privacy-e-della-protezione-dei-dati\/' title='Fair Play nelle tariffe commerciali, ma che dire della privacy e della protezione dei dati?'>Fair Play nelle tariffe commerciali, ma che dire della privacy e della protezione dei dati?<\/a><\/h3><span class=\"av-vertical-delimiter\"><\/span><\/header><div class='slide-entry-excerpt entry-content'  itemprop=\"text\" >\nNelle ultime settimane, le notizie internazionali sono state dominate dalla minaccia degli Stati Uniti di introdurre nuove e maggiori tariffe commerciali. Ci sono molti argomenti economici e politici a favore e contro le tariffe commerciali.\u2026<div class=\"read-more-link\"><a href=\"https:\/\/peopleweek.com\/it\/fair-play-nelle-tariffe-commerciali-ma-che-dire-della-privacy-e-della-protezione-dei-dati\/\" class=\"more-link\">Continua a leggere<span class='more-link-arrow avia-svg-icon avia-font-svg_entypo-fontello' data-av_svg_icon='right-open-big' data-av_iconset='svg_entypo-fontello'><svg version=\"1.1\" xmlns=\"http:\/\/www.w3.org\/2000\/svg\" width=\"15\" height=\"32\" viewBox=\"0 0 15 32\" preserveAspectRatio=\"xMidYMid meet\" role=\"graphics-symbol\" aria-hidden=\"true\">\n<path d=\"M0.416 27.84l11.456-11.84-11.456-11.904q-0.832-0.832 0-1.536 0.832-0.832 1.536 0l12.544 12.608q0.768 0.832 0 1.6l-12.544 12.608q-0.704 0.832-1.536 0-0.832-0.704 0-1.536z\"><\/path>\n<\/svg><\/span><\/a><\/div><\/div><\/div><footer class=\"entry-footer\"><div class=\"slide-meta\"><time class='slide-meta-time updated'  itemprop=\"datePublished\" datetime=\"2025-02-18T16:51:33+00:00\" >Febbraio 18, 2025<\/time><\/div><\/footer><span class='hidden'>\n\t\t\t\t<span class='av-structured-data'  itemprop=\"image\" itemscope=\"itemscope\" itemtype=\"https:\/\/schema.org\/ImageObject\" >\n\t\t\t\t\t\t<span itemprop='url'>https:\/\/peopleweek.com\/wp-content\/uploads\/2025\/02\/Flags.jpg<\/span>\n\t\t\t\t\t\t<span itemprop='height'>1024<\/span>\n\t\t\t\t\t\t<span itemprop='width'>1024<\/span>\n\t\t\t\t<\/span>\n\t\t\t\t<span class='av-structured-data'  itemprop=\"publisher\" itemtype=\"https:\/\/schema.org\/Organization\" itemscope=\"itemscope\" >\n\t\t\t\t\t\t<span itemprop='name'>PeopleWeek<\/span>\n\t\t\t\t\t\t<span itemprop='logo' itemscope itemtype='https:\/\/schema.org\/ImageObject'>\n\t\t\t\t\t\t\t<span itemprop='url'>https:\/\/peopleweek.com\/wp-content\/uploads\/2023\/01\/peopleweeklogo.png<\/span>\n\t\t\t\t\t\t<\/span>\n\t\t\t\t<\/span><span class='av-structured-data'  itemprop=\"author\" itemscope=\"itemscope\" itemtype=\"https:\/\/schema.org\/Person\" ><span itemprop='name'>PeopleWeek<\/span><\/span><span class='av-structured-data'  itemprop=\"datePublished\" datetime=\"2022-12-19T06:59:10+00:00\" >2025-02-18 16:51:33<\/span><span class='av-structured-data'  itemprop=\"dateModified\" itemtype=\"https:\/\/schema.org\/dateModified\" >2025-02-18 17:17:11<\/span><span class='av-structured-data'  itemprop=\"mainEntityOfPage\" itemtype=\"https:\/\/schema.org\/mainEntityOfPage\" ><span itemprop='name'>Fair Play nelle tariffe commerciali, ma che dire della privacy e della protezione dei dati?<\/span><\/span><\/span><\/article><\/div><\/div><div class='pagination-wrap pagination-slider'><nav class='pagination'><span class='pagination-meta'>Pagina 1 di 4<\/span><span class='current'>1<\/span><a href='https:\/\/peopleweek.com\/it\/wp-json\/wp\/v2\/pages\/3620\/?avia-element-paging=2' class='inactive next_page' >2<\/a><a href='https:\/\/peopleweek.com\/it\/wp-json\/wp\/v2\/pages\/3620\/?avia-element-paging=3' class='inactive' >3<\/a><a href='https:\/\/peopleweek.com\/it\/wp-json\/wp\/v2\/pages\/3620\/?avia-element-paging=4' class='inactive' >4<\/a><\/nav>\n<\/div><\/div>\n<div  data-slideshow-options=\"{&quot;animation&quot;:&quot;fade&quot;,&quot;autoplay&quot;:false,&quot;loop_autoplay&quot;:&quot;once&quot;,&quot;interval&quot;:&quot;5&quot;,&quot;loop_manual&quot;:&quot;manual-endless&quot;,&quot;autoplay_stopper&quot;:false,&quot;noNavigation&quot;:false,&quot;show_slide_delay&quot;:90}\" class='avia-content-slider avia-content-slider-active avia-content-slider2 avia-content-slider-even  avia-builder-el-39  el_after_av_blog  avia-builder-el-last  clspostslider ppl-blogpost av-slideshow-ui av-control-default av-nav-dots-visible  av-hide-nav-arrows av-slideshow-manual av-loop-once av-loop-manual-endless '  itemscope=\"itemscope\" itemtype=\"https:\/\/schema.org\/Blog\" ><div class=\"avia-content-slider-inner\"><div class=\"slide-entry-wrap\"><article class='slide-entry flex_column  post-entry post-entry-10856 slide-entry-overview slide-loop-1 slide-parity-odd  av_one_fourth first real-thumbnail posttype-post post-format-standard'  itemscope=\"itemscope\" itemtype=\"https:\/\/schema.org\/CreativeWork\" ><a href='https:\/\/peopleweek.com\/it\/controlli-dei-precedenti-non-tirare-i-dadi-%f0%9f%8e%b2\/' data-rel='slide-2' class='slide-image' title='Controlli dei precedenti \u2013 Non tirare i dadi! \ud83c\udfb2'><img decoding=\"async\" fetchpriority=\"high\" width=\"260\" height=\"185\" src=\"https:\/\/peopleweek.com\/wp-content\/uploads\/2025\/08\/dice-260x185.png\" class=\"wp-image-10818 avia-img-lazy-loading-not-10818 attachment-portfolio_small size-portfolio_small wp-post-image\" alt=\"\" \/><\/a><div class=\"slide-content\"><header class=\"entry-content-header\" aria-label=\"Diapositiva: Controlli dei precedenti \u2013 Non tirare i dadi! \ud83c\udfb2\"><span class=\"blog-categories minor-meta\"><a href=\"https:\/\/peopleweek.com\/it\/category\/blog-2\/\" rel=\"tag\">Blog<\/a> <\/span><h3 class='slide-entry-title entry-title '  itemprop=\"headline\" ><a href='https:\/\/peopleweek.com\/it\/controlli-dei-precedenti-non-tirare-i-dadi-%f0%9f%8e%b2\/' title='Controlli dei precedenti \u2013 Non tirare i dadi! \ud83c\udfb2'>Controlli dei precedenti \u2013 Non tirare i dadi! \ud83c\udfb2<\/a><\/h3><span class=\"av-vertical-delimiter\"><\/span><\/header><div class='slide-entry-excerpt entry-content'  itemprop=\"text\" >\nQuando ho ottenuto il mio primo lavoro in una grande banca americana negli anni \u201990, il mio me stesso studente e magrolino (in un completo malfatto) ha dovuto superare un controllo dei precedenti prima ancora del primo giorno.\n\n\n\nAvanti veloce\u2026<\/div><\/div><footer class=\"entry-footer\"><div class=\"slide-meta\"><time class='slide-meta-time updated'  itemprop=\"datePublished\" datetime=\"2025-08-19T11:18:23+00:00\" >Agosto 19, 2025<\/time><\/div><\/footer><span class='hidden'>\n\t\t\t\t<span class='av-structured-data'  itemprop=\"image\" itemscope=\"itemscope\" itemtype=\"https:\/\/schema.org\/ImageObject\" >\n\t\t\t\t\t\t<span itemprop='url'>https:\/\/peopleweek.com\/wp-content\/uploads\/2025\/08\/dice.png<\/span>\n\t\t\t\t\t\t<span itemprop='height'>1024<\/span>\n\t\t\t\t\t\t<span itemprop='width'>1536<\/span>\n\t\t\t\t<\/span>\n\t\t\t\t<span class='av-structured-data'  itemprop=\"publisher\" itemtype=\"https:\/\/schema.org\/Organization\" itemscope=\"itemscope\" >\n\t\t\t\t\t\t<span itemprop='name'>Paul<\/span>\n\t\t\t\t\t\t<span itemprop='logo' itemscope itemtype='https:\/\/schema.org\/ImageObject'>\n\t\t\t\t\t\t\t<span itemprop='url'>https:\/\/peopleweek.com\/wp-content\/uploads\/2023\/01\/peopleweeklogo.png<\/span>\n\t\t\t\t\t\t<\/span>\n\t\t\t\t<\/span><span class='av-structured-data'  itemprop=\"author\" itemscope=\"itemscope\" itemtype=\"https:\/\/schema.org\/Person\" ><span itemprop='name'>Paul<\/span><\/span><span class='av-structured-data'  itemprop=\"datePublished\" datetime=\"2022-12-19T06:59:10+00:00\" >2025-08-19 11:18:23<\/span><span class='av-structured-data'  itemprop=\"dateModified\" itemtype=\"https:\/\/schema.org\/dateModified\" >2025-08-19 11:18:24<\/span><span class='av-structured-data'  itemprop=\"mainEntityOfPage\" itemtype=\"https:\/\/schema.org\/mainEntityOfPage\" ><span itemprop='name'>Controlli dei precedenti \u2013 Non tirare i dadi! \ud83c\udfb2<\/span><\/span><\/span><\/article><article class='slide-entry flex_column  post-entry post-entry-10583 slide-entry-overview slide-loop-2 slide-parity-even  av_one_fourth  real-thumbnail posttype-post post-format-standard'  itemscope=\"itemscope\" itemtype=\"https:\/\/schema.org\/CreativeWork\" ><a href='https:\/\/peopleweek.com\/it\/svegliati-europa-e-tempo-di-sostenere-il-nostro-settore-tecnologico\/' data-rel='slide-2' class='slide-image' title='Svegliati Europa: \u00e8 tempo di sostenere il nostro settore tecnologico'><img decoding=\"async\" fetchpriority=\"high\" width=\"260\" height=\"185\" src=\"https:\/\/peopleweek.com\/wp-content\/uploads\/2025\/04\/image4-1-260x185.png\" class=\"wp-image-10605 avia-img-lazy-loading-not-10605 attachment-portfolio_small size-portfolio_small wp-post-image\" alt=\"\" \/><\/a><div class=\"slide-content\"><header class=\"entry-content-header\" aria-label=\"Diapositiva: Svegliati Europa: \u00e8 tempo di sostenere il nostro settore tecnologico\"><span class=\"blog-categories minor-meta\"><a href=\"https:\/\/peopleweek.com\/it\/category\/blog-2\/\" rel=\"tag\">Blog<\/a> <\/span><h3 class='slide-entry-title entry-title '  itemprop=\"headline\" ><a href='https:\/\/peopleweek.com\/it\/svegliati-europa-e-tempo-di-sostenere-il-nostro-settore-tecnologico\/' title='Svegliati Europa: \u00e8 tempo di sostenere il nostro settore tecnologico'>Svegliati Europa: \u00e8 tempo di sostenere il nostro settore tecnologico<\/a><\/h3><span class=\"av-vertical-delimiter\"><\/span><\/header><div class='slide-entry-excerpt entry-content'  itemprop=\"text\" >\nPer anni, le aziende tecnologiche statunitensi hanno prosperato a livello internazionale grazie al \"vantaggio competitivo\". Il vantaggio competitivo nel commercio internazionale si riferisce alla capacit\u00e0 di una nazione di produrre beni e\u2026<\/div><\/div><footer class=\"entry-footer\"><div class=\"slide-meta\"><time class='slide-meta-time updated'  itemprop=\"datePublished\" datetime=\"2025-04-07T16:51:06+00:00\" >Aprile 7, 2025<\/time><\/div><\/footer><span class='hidden'>\n\t\t\t\t<span class='av-structured-data'  itemprop=\"image\" itemscope=\"itemscope\" itemtype=\"https:\/\/schema.org\/ImageObject\" >\n\t\t\t\t\t\t<span itemprop='url'>https:\/\/peopleweek.com\/wp-content\/uploads\/2025\/04\/image4-1.png<\/span>\n\t\t\t\t\t\t<span itemprop='height'>400<\/span>\n\t\t\t\t\t\t<span itemprop='width'>600<\/span>\n\t\t\t\t<\/span>\n\t\t\t\t<span class='av-structured-data'  itemprop=\"publisher\" itemtype=\"https:\/\/schema.org\/Organization\" itemscope=\"itemscope\" >\n\t\t\t\t\t\t<span itemprop='name'>PeopleWeek<\/span>\n\t\t\t\t\t\t<span itemprop='logo' itemscope itemtype='https:\/\/schema.org\/ImageObject'>\n\t\t\t\t\t\t\t<span itemprop='url'>https:\/\/peopleweek.com\/wp-content\/uploads\/2023\/01\/peopleweeklogo.png<\/span>\n\t\t\t\t\t\t<\/span>\n\t\t\t\t<\/span><span class='av-structured-data'  itemprop=\"author\" itemscope=\"itemscope\" itemtype=\"https:\/\/schema.org\/Person\" ><span itemprop='name'>PeopleWeek<\/span><\/span><span class='av-structured-data'  itemprop=\"datePublished\" datetime=\"2022-12-19T06:59:10+00:00\" >2025-04-07 16:51:06<\/span><span class='av-structured-data'  itemprop=\"dateModified\" itemtype=\"https:\/\/schema.org\/dateModified\" >2025-04-09 14:09:59<\/span><span class='av-structured-data'  itemprop=\"mainEntityOfPage\" itemtype=\"https:\/\/schema.org\/mainEntityOfPage\" ><span itemprop='name'>Svegliati Europa: \u00e8 tempo di sostenere il nostro settore tecnologico<\/span><\/span><\/span><\/article><article class='slide-entry flex_column  post-entry post-entry-10483 slide-entry-overview slide-loop-3 slide-parity-odd  av_one_fourth  real-thumbnail posttype-post post-format-standard'  itemscope=\"itemscope\" itemtype=\"https:\/\/schema.org\/CreativeWork\" ><a href='https:\/\/peopleweek.com\/it\/se-aumenti-il-prezzo-del-fottuto-hot-dog-ti-uccido-una-lezione-su-come-proteggere-i-clienti-dagli-aumenti-di-prezzo\/' data-rel='slide-2' class='slide-image' title='&#8220;Se aumenti il \u200b\u200bprezzo del fottuto hot dog, ti uccido &#8220;: una lezione su come proteggere i clienti dagli aumenti di prezzo'><img decoding=\"async\" fetchpriority=\"high\" width=\"260\" height=\"185\" src=\"https:\/\/peopleweek.com\/wp-content\/uploads\/2025\/03\/Hot-dog-image-1-260x185.jpg\" class=\"wp-image-10477 avia-img-lazy-loading-not-10477 attachment-portfolio_small size-portfolio_small wp-post-image\" alt=\"\" \/><\/a><div class=\"slide-content\"><header class=\"entry-content-header\" aria-label=\"Diapositiva: &quot;Se aumenti il \u200b\u200bprezzo del fottuto hot dog, ti uccido &quot;: una lezione su come proteggere i clienti dagli aumenti di prezzo\"><span class=\"blog-categories minor-meta\"><a href=\"https:\/\/peopleweek.com\/it\/category\/blog-2\/\" rel=\"tag\">Blog<\/a> <\/span><h3 class='slide-entry-title entry-title '  itemprop=\"headline\" ><a href='https:\/\/peopleweek.com\/it\/se-aumenti-il-prezzo-del-fottuto-hot-dog-ti-uccido-una-lezione-su-come-proteggere-i-clienti-dagli-aumenti-di-prezzo\/' title='&#8220;Se aumenti il \u200b\u200bprezzo del fottuto hot dog, ti uccido &#8220;: una lezione su come proteggere i clienti dagli aumenti di prezzo'>&#8220;Se aumenti il \u200b\u200bprezzo del fottuto hot dog, ti uccido &#8220;: una lezione su come proteggere i clienti dagli aumenti di prezzo<\/a><\/h3><span class=\"av-vertical-delimiter\"><\/span><\/header><div class='slide-entry-excerpt entry-content'  itemprop=\"text\" >\nNel panorama aziendale odierno, in cui l'inflazione e i progressi tecnologici aumentano continuamente le spese operative, le aziende si trovano di fronte a una decisione fondamentale: assorbire questi costi o scaricarli sui clienti. Molte aziende\u2026<\/div><\/div><footer class=\"entry-footer\"><div class=\"slide-meta\"><time class='slide-meta-time updated'  itemprop=\"datePublished\" datetime=\"2025-03-25T15:34:09+00:00\" >Marzo 25, 2025<\/time><\/div><\/footer><span class='hidden'>\n\t\t\t\t<span class='av-structured-data'  itemprop=\"image\" itemscope=\"itemscope\" itemtype=\"https:\/\/schema.org\/ImageObject\" >\n\t\t\t\t\t\t<span itemprop='url'>https:\/\/peopleweek.com\/wp-content\/uploads\/2025\/03\/Hot-dog-image-1.jpg<\/span>\n\t\t\t\t\t\t<span itemprop='height'>1024<\/span>\n\t\t\t\t\t\t<span itemprop='width'>1024<\/span>\n\t\t\t\t<\/span>\n\t\t\t\t<span class='av-structured-data'  itemprop=\"publisher\" itemtype=\"https:\/\/schema.org\/Organization\" itemscope=\"itemscope\" >\n\t\t\t\t\t\t<span itemprop='name'>PeopleWeek<\/span>\n\t\t\t\t\t\t<span itemprop='logo' itemscope itemtype='https:\/\/schema.org\/ImageObject'>\n\t\t\t\t\t\t\t<span itemprop='url'>https:\/\/peopleweek.com\/wp-content\/uploads\/2023\/01\/peopleweeklogo.png<\/span>\n\t\t\t\t\t\t<\/span>\n\t\t\t\t<\/span><span class='av-structured-data'  itemprop=\"author\" itemscope=\"itemscope\" itemtype=\"https:\/\/schema.org\/Person\" ><span itemprop='name'>PeopleWeek<\/span><\/span><span class='av-structured-data'  itemprop=\"datePublished\" datetime=\"2022-12-19T06:59:10+00:00\" >2025-03-25 15:34:09<\/span><span class='av-structured-data'  itemprop=\"dateModified\" itemtype=\"https:\/\/schema.org\/dateModified\" >2025-03-25 15:34:11<\/span><span class='av-structured-data'  itemprop=\"mainEntityOfPage\" itemtype=\"https:\/\/schema.org\/mainEntityOfPage\" ><span itemprop='name'>&#8220;Se aumenti il \u200b\u200bprezzo del fottuto hot dog, ti uccido &#8220;: una lezione su come proteggere i clienti dagli aumenti di prezzo<\/span><\/span><\/span><\/article><article class='slide-entry flex_column  post-entry post-entry-10321 slide-entry-overview slide-loop-4 slide-parity-even  av_one_fourth  real-thumbnail posttype-post post-format-standard'  itemscope=\"itemscope\" itemtype=\"https:\/\/schema.org\/CreativeWork\" ><a href='https:\/\/peopleweek.com\/it\/fair-play-nelle-tariffe-commerciali-ma-che-dire-della-privacy-e-della-protezione-dei-dati\/' data-rel='slide-2' class='slide-image' title='Fair Play nelle tariffe commerciali, ma che dire della privacy e della protezione dei dati?'><img decoding=\"async\" fetchpriority=\"high\" width=\"260\" height=\"185\" src=\"https:\/\/peopleweek.com\/wp-content\/uploads\/2025\/02\/Flags-260x185.jpg\" class=\"wp-image-10319 avia-img-lazy-loading-not-10319 attachment-portfolio_small size-portfolio_small wp-post-image\" alt=\"\" \/><\/a><div class=\"slide-content\"><header class=\"entry-content-header\" aria-label=\"Diapositiva: Fair Play nelle tariffe commerciali, ma che dire della privacy e della protezione dei dati?\"><span class=\"blog-categories minor-meta\"><a href=\"https:\/\/peopleweek.com\/it\/category\/blog-2\/\" rel=\"tag\">Blog<\/a> <\/span><h3 class='slide-entry-title entry-title '  itemprop=\"headline\" ><a href='https:\/\/peopleweek.com\/it\/fair-play-nelle-tariffe-commerciali-ma-che-dire-della-privacy-e-della-protezione-dei-dati\/' title='Fair Play nelle tariffe commerciali, ma che dire della privacy e della protezione dei dati?'>Fair Play nelle tariffe commerciali, ma che dire della privacy e della protezione dei dati?<\/a><\/h3><span class=\"av-vertical-delimiter\"><\/span><\/header><div class='slide-entry-excerpt entry-content'  itemprop=\"text\" >\nNelle ultime settimane, le notizie internazionali sono state dominate dalla minaccia degli Stati Uniti di introdurre nuove e maggiori tariffe commerciali. Ci sono molti argomenti economici e politici a favore e contro le tariffe commerciali.\u2026<\/div><\/div><footer class=\"entry-footer\"><div class=\"slide-meta\"><time class='slide-meta-time updated'  itemprop=\"datePublished\" datetime=\"2025-02-18T16:51:33+00:00\" >Febbraio 18, 2025<\/time><\/div><\/footer><span class='hidden'>\n\t\t\t\t<span class='av-structured-data'  itemprop=\"image\" itemscope=\"itemscope\" itemtype=\"https:\/\/schema.org\/ImageObject\" >\n\t\t\t\t\t\t<span itemprop='url'>https:\/\/peopleweek.com\/wp-content\/uploads\/2025\/02\/Flags.jpg<\/span>\n\t\t\t\t\t\t<span itemprop='height'>1024<\/span>\n\t\t\t\t\t\t<span itemprop='width'>1024<\/span>\n\t\t\t\t<\/span>\n\t\t\t\t<span class='av-structured-data'  itemprop=\"publisher\" itemtype=\"https:\/\/schema.org\/Organization\" itemscope=\"itemscope\" >\n\t\t\t\t\t\t<span itemprop='name'>PeopleWeek<\/span>\n\t\t\t\t\t\t<span itemprop='logo' itemscope itemtype='https:\/\/schema.org\/ImageObject'>\n\t\t\t\t\t\t\t<span itemprop='url'>https:\/\/peopleweek.com\/wp-content\/uploads\/2023\/01\/peopleweeklogo.png<\/span>\n\t\t\t\t\t\t<\/span>\n\t\t\t\t<\/span><span class='av-structured-data'  itemprop=\"author\" itemscope=\"itemscope\" itemtype=\"https:\/\/schema.org\/Person\" ><span itemprop='name'>PeopleWeek<\/span><\/span><span class='av-structured-data'  itemprop=\"datePublished\" datetime=\"2022-12-19T06:59:10+00:00\" >2025-02-18 16:51:33<\/span><span class='av-structured-data'  itemprop=\"dateModified\" itemtype=\"https:\/\/schema.org\/dateModified\" >2025-02-18 17:17:11<\/span><span class='av-structured-data'  itemprop=\"mainEntityOfPage\" itemtype=\"https:\/\/schema.org\/mainEntityOfPage\" ><span itemprop='name'>Fair Play nelle tariffe commerciali, ma che dire della privacy e della protezione dei dati?<\/span><\/span><\/span><\/article><\/div><div class=\"slide-entry-wrap\"><article class='slide-entry flex_column  post-entry post-entry-10009 slide-entry-overview slide-loop-5 slide-parity-odd  av_one_fourth first real-thumbnail posttype-post post-format-standard'  itemscope=\"itemscope\" itemtype=\"https:\/\/schema.org\/CreativeWork\" ><a href='https:\/\/peopleweek.com\/it\/lascesa-delle-risorse-umane-multinazionali-sfide-e-fattori-essenziali-per-il-successo\/' data-rel='slide-2' class='slide-image' title='L&#8217;ascesa delle &#8220;Risorse umane multinazionali&#8221;: sfide e fattori essenziali per il successo'><img decoding=\"async\" fetchpriority=\"high\" width=\"260\" height=\"185\" src=\"https:\/\/peopleweek.com\/wp-content\/uploads\/2024\/11\/flags-260x185.jpg\" class=\"wp-image-10024 avia-img-lazy-loading-not-10024 attachment-portfolio_small size-portfolio_small wp-post-image\" alt=\"\" \/><\/a><div class=\"slide-content\"><header class=\"entry-content-header\" aria-label=\"Diapositiva: L&#039;ascesa delle &quot;Risorse umane multinazionali&quot;: sfide e fattori essenziali per il successo\"><span class=\"blog-categories minor-meta\"><a href=\"https:\/\/peopleweek.com\/it\/category\/blog-2\/\" rel=\"tag\">Blog<\/a> <\/span><h3 class='slide-entry-title entry-title '  itemprop=\"headline\" ><a href='https:\/\/peopleweek.com\/it\/lascesa-delle-risorse-umane-multinazionali-sfide-e-fattori-essenziali-per-il-successo\/' title='L&#8217;ascesa delle &#8220;Risorse umane multinazionali&#8221;: sfide e fattori essenziali per il successo'>L&#8217;ascesa delle &#8220;Risorse umane multinazionali&#8221;: sfide e fattori essenziali per il successo<\/a><\/h3><span class=\"av-vertical-delimiter\"><\/span><\/header><div class='slide-entry-excerpt entry-content'  itemprop=\"text\" >\nNell'ultimo decennio, e con un ritmo accelerato dalla pandemia di Covid, il termine \"azienda multinazionale\" si \u00e8 evoluto. Sono finiti i giorni in cui solo i giganti aziendali si adattavano a questo schema. Oggi, le piccole e medie imprese\u2026<\/div><\/div><footer class=\"entry-footer\"><div class=\"slide-meta\"><time class='slide-meta-time updated'  itemprop=\"datePublished\" datetime=\"2024-11-11T16:51:26+00:00\" >Novembre 11, 2024<\/time><\/div><\/footer><span class='hidden'>\n\t\t\t\t<span class='av-structured-data'  itemprop=\"image\" itemscope=\"itemscope\" itemtype=\"https:\/\/schema.org\/ImageObject\" >\n\t\t\t\t\t\t<span itemprop='url'>https:\/\/peopleweek.com\/wp-content\/uploads\/2024\/11\/flags-scaled.jpg<\/span>\n\t\t\t\t\t\t<span itemprop='height'>1707<\/span>\n\t\t\t\t\t\t<span itemprop='width'>2560<\/span>\n\t\t\t\t<\/span>\n\t\t\t\t<span class='av-structured-data'  itemprop=\"publisher\" itemtype=\"https:\/\/schema.org\/Organization\" itemscope=\"itemscope\" >\n\t\t\t\t\t\t<span itemprop='name'>PeopleWeek<\/span>\n\t\t\t\t\t\t<span itemprop='logo' itemscope itemtype='https:\/\/schema.org\/ImageObject'>\n\t\t\t\t\t\t\t<span itemprop='url'>https:\/\/peopleweek.com\/wp-content\/uploads\/2023\/01\/peopleweeklogo.png<\/span>\n\t\t\t\t\t\t<\/span>\n\t\t\t\t<\/span><span class='av-structured-data'  itemprop=\"author\" itemscope=\"itemscope\" itemtype=\"https:\/\/schema.org\/Person\" ><span itemprop='name'>PeopleWeek<\/span><\/span><span class='av-structured-data'  itemprop=\"datePublished\" datetime=\"2022-12-19T06:59:10+00:00\" >2024-11-11 16:51:26<\/span><span class='av-structured-data'  itemprop=\"dateModified\" itemtype=\"https:\/\/schema.org\/dateModified\" >2024-11-11 18:17:03<\/span><span class='av-structured-data'  itemprop=\"mainEntityOfPage\" itemtype=\"https:\/\/schema.org\/mainEntityOfPage\" ><span itemprop='name'>L&#8217;ascesa delle &#8220;Risorse umane multinazionali&#8221;: sfide e fattori essenziali per il successo<\/span><\/span><\/span><\/article><article class='slide-entry flex_column  post-entry post-entry-9476 slide-entry-overview slide-loop-6 slide-parity-even  av_one_fourth  real-thumbnail posttype-post post-format-standard'  itemscope=\"itemscope\" itemtype=\"https:\/\/schema.org\/CreativeWork\" ><a href='https:\/\/peopleweek.com\/it\/il-costo-di-uninfessa-complessita-organizzativa-e-tempo-di-semplificare\/' data-rel='slide-2' class='slide-image' title='Il costo di un\u2019infessa complessit\u00e0 organizzativa: \u00e8 tempo di semplificare'><img decoding=\"async\" fetchpriority=\"high\" width=\"260\" height=\"185\" src=\"https:\/\/peopleweek.com\/wp-content\/uploads\/2024\/08\/complexity-260x185.jpg\" class=\"wp-image-9472 avia-img-lazy-loading-not-9472 attachment-portfolio_small size-portfolio_small wp-post-image\" alt=\"\" \/><\/a><div class=\"slide-content\"><header class=\"entry-content-header\" aria-label=\"Diapositiva: Il costo di un\u2019infessa complessit\u00e0 organizzativa: \u00e8 tempo di semplificare\"><span class=\"blog-categories minor-meta\"><a href=\"https:\/\/peopleweek.com\/it\/category\/blog-2\/\" rel=\"tag\">Blog<\/a> <\/span><h3 class='slide-entry-title entry-title '  itemprop=\"headline\" ><a href='https:\/\/peopleweek.com\/it\/il-costo-di-uninfessa-complessita-organizzativa-e-tempo-di-semplificare\/' title='Il costo di un\u2019infessa complessit\u00e0 organizzativa: \u00e8 tempo di semplificare'>Il costo di un\u2019infessa complessit\u00e0 organizzativa: \u00e8 tempo di semplificare<\/a><\/h3><span class=\"av-vertical-delimiter\"><\/span><\/header><div class='slide-entry-excerpt entry-content'  itemprop=\"text\" >\nNel corso della mia carriera nelle risorse umane, e ora come fornitore di software per le risorse umane con approfondimenti regolari su come operano aziende diverse, vedo spesso livelli sbalorditivi di inutile complessit\u00e0 organizzativa. Mi\u2026<\/div><\/div><footer class=\"entry-footer\"><div class=\"slide-meta\"><time class='slide-meta-time updated'  itemprop=\"datePublished\" datetime=\"2024-08-05T22:58:32+00:00\" >Agosto 5, 2024<\/time><\/div><\/footer><span class='hidden'>\n\t\t\t\t<span class='av-structured-data'  itemprop=\"image\" itemscope=\"itemscope\" itemtype=\"https:\/\/schema.org\/ImageObject\" >\n\t\t\t\t\t\t<span itemprop='url'>https:\/\/peopleweek.com\/wp-content\/uploads\/2024\/08\/complexity.jpg<\/span>\n\t\t\t\t\t\t<span itemprop='height'>1024<\/span>\n\t\t\t\t\t\t<span itemprop='width'>1024<\/span>\n\t\t\t\t<\/span>\n\t\t\t\t<span class='av-structured-data'  itemprop=\"publisher\" itemtype=\"https:\/\/schema.org\/Organization\" itemscope=\"itemscope\" >\n\t\t\t\t\t\t<span itemprop='name'>PeopleWeek<\/span>\n\t\t\t\t\t\t<span itemprop='logo' itemscope itemtype='https:\/\/schema.org\/ImageObject'>\n\t\t\t\t\t\t\t<span itemprop='url'>https:\/\/peopleweek.com\/wp-content\/uploads\/2023\/01\/peopleweeklogo.png<\/span>\n\t\t\t\t\t\t<\/span>\n\t\t\t\t<\/span><span class='av-structured-data'  itemprop=\"author\" itemscope=\"itemscope\" itemtype=\"https:\/\/schema.org\/Person\" ><span itemprop='name'>PeopleWeek<\/span><\/span><span class='av-structured-data'  itemprop=\"datePublished\" datetime=\"2022-12-19T06:59:10+00:00\" >2024-08-05 22:58:32<\/span><span class='av-structured-data'  itemprop=\"dateModified\" itemtype=\"https:\/\/schema.org\/dateModified\" >2024-11-11 16:52:50<\/span><span class='av-structured-data'  itemprop=\"mainEntityOfPage\" itemtype=\"https:\/\/schema.org\/mainEntityOfPage\" ><span itemprop='name'>Il costo di un\u2019infessa complessit\u00e0 organizzativa: \u00e8 tempo di semplificare<\/span><\/span><\/span><\/article><article class='slide-entry flex_column  post-entry post-entry-8897 slide-entry-overview slide-loop-7 slide-parity-odd  av_one_fourth  real-thumbnail posttype-post post-format-standard'  itemscope=\"itemscope\" itemtype=\"https:\/\/schema.org\/CreativeWork\" ><a href='https:\/\/peopleweek.com\/it\/risorse-umane-abilitate-allintelligenza-artificiale-sfruttare-il-potenziale-con-il-consenso-dei-dipendenti\/' data-rel='slide-2' class='slide-image' title='Risorse umane abilitate all&#8217;intelligenza artificiale: sfruttare il potenziale con il consenso dei dipendenti'><img decoding=\"async\" fetchpriority=\"high\" width=\"260\" height=\"185\" src=\"https:\/\/peopleweek.com\/wp-content\/uploads\/2024\/03\/ai4-260x185.jpg\" class=\"wp-image-8889 avia-img-lazy-loading-not-8889 attachment-portfolio_small size-portfolio_small wp-post-image\" alt=\"\" \/><\/a><div class=\"slide-content\"><header class=\"entry-content-header\" aria-label=\"Diapositiva: Risorse umane abilitate all&#039;intelligenza artificiale: sfruttare il potenziale con il consenso dei dipendenti\"><span class=\"blog-categories minor-meta\"><a href=\"https:\/\/peopleweek.com\/it\/category\/blog-2\/\" rel=\"tag\">Blog<\/a> <\/span><h3 class='slide-entry-title entry-title '  itemprop=\"headline\" ><a href='https:\/\/peopleweek.com\/it\/risorse-umane-abilitate-allintelligenza-artificiale-sfruttare-il-potenziale-con-il-consenso-dei-dipendenti\/' title='Risorse umane abilitate all&#8217;intelligenza artificiale: sfruttare il potenziale con il consenso dei dipendenti'>Risorse umane abilitate all&#8217;intelligenza artificiale: sfruttare il potenziale con il consenso dei dipendenti<\/a><\/h3><span class=\"av-vertical-delimiter\"><\/span><\/header><div class='slide-entry-excerpt entry-content'  itemprop=\"text\" >\nL\u2019intelligenza artificiale \u00e8 il \u201csapore del giorno\u201d. Siamo soggetti a previsioni sul suo impatto futuro \u2013 negativo e positivo \u2013 su tutti gli aspetti della vita. Le organizzazioni utilizzano l'IA-washing per gonfiare artificialmente\u2026<\/div><\/div><footer class=\"entry-footer\"><div class=\"slide-meta\"><time class='slide-meta-time updated'  itemprop=\"datePublished\" datetime=\"2024-03-11T09:57:11+00:00\" >Marzo 11, 2024<\/time><\/div><\/footer><span class='hidden'>\n\t\t\t\t<span class='av-structured-data'  itemprop=\"image\" itemscope=\"itemscope\" itemtype=\"https:\/\/schema.org\/ImageObject\" >\n\t\t\t\t\t\t<span itemprop='url'>https:\/\/peopleweek.com\/wp-content\/uploads\/2024\/03\/ai4-scaled.jpg<\/span>\n\t\t\t\t\t\t<span itemprop='height'>1706<\/span>\n\t\t\t\t\t\t<span itemprop='width'>2560<\/span>\n\t\t\t\t<\/span>\n\t\t\t\t<span class='av-structured-data'  itemprop=\"publisher\" itemtype=\"https:\/\/schema.org\/Organization\" itemscope=\"itemscope\" >\n\t\t\t\t\t\t<span itemprop='name'>PeopleWeek<\/span>\n\t\t\t\t\t\t<span itemprop='logo' itemscope itemtype='https:\/\/schema.org\/ImageObject'>\n\t\t\t\t\t\t\t<span itemprop='url'>https:\/\/peopleweek.com\/wp-content\/uploads\/2023\/01\/peopleweeklogo.png<\/span>\n\t\t\t\t\t\t<\/span>\n\t\t\t\t<\/span><span class='av-structured-data'  itemprop=\"author\" itemscope=\"itemscope\" itemtype=\"https:\/\/schema.org\/Person\" ><span itemprop='name'>PeopleWeek<\/span><\/span><span class='av-structured-data'  itemprop=\"datePublished\" datetime=\"2022-12-19T06:59:10+00:00\" >2024-03-11 09:57:11<\/span><span class='av-structured-data'  itemprop=\"dateModified\" itemtype=\"https:\/\/schema.org\/dateModified\" >2024-11-11 16:52:58<\/span><span class='av-structured-data'  itemprop=\"mainEntityOfPage\" itemtype=\"https:\/\/schema.org\/mainEntityOfPage\" ><span itemprop='name'>Risorse umane abilitate all&#8217;intelligenza artificiale: sfruttare il potenziale con il consenso dei dipendenti<\/span><\/span><\/span><\/article><article class='slide-entry flex_column  post-entry post-entry-8648 slide-entry-overview slide-loop-8 slide-parity-even  av_one_fourth  real-thumbnail posttype-post post-format-standard'  itemscope=\"itemscope\" itemtype=\"https:\/\/schema.org\/CreativeWork\" ><a href='https:\/\/peopleweek.com\/it\/i-sistemi-autonomi-di-tracciamento-dei-candidati-scomparire-potrebbero-diventare-obsoleti\/' data-rel='slide-2' class='slide-image' title='I Sistemi Autonomi Di Tracciamento Dei Candidati Potrebbero Diventare Obsoleti?'><img decoding=\"async\" fetchpriority=\"high\" width=\"260\" height=\"185\" src=\"https:\/\/peopleweek.com\/wp-content\/uploads\/2023\/12\/002-260x185.jpg\" class=\"wp-image-8675 avia-img-lazy-loading-not-8675 attachment-portfolio_small size-portfolio_small wp-post-image\" alt=\"\" \/><\/a><div class=\"slide-content\"><header class=\"entry-content-header\" aria-label=\"Diapositiva: I Sistemi Autonomi Di Tracciamento Dei Candidati Potrebbero Diventare Obsoleti?\"><span class=\"blog-categories minor-meta\"><a href=\"https:\/\/peopleweek.com\/it\/category\/blog-2\/\" rel=\"tag\">Blog<\/a> <\/span><h3 class='slide-entry-title entry-title '  itemprop=\"headline\" ><a href='https:\/\/peopleweek.com\/it\/i-sistemi-autonomi-di-tracciamento-dei-candidati-scomparire-potrebbero-diventare-obsoleti\/' title='I Sistemi Autonomi Di Tracciamento Dei Candidati Potrebbero Diventare Obsoleti?'>I Sistemi Autonomi Di Tracciamento Dei Candidati Potrebbero Diventare Obsoleti?<\/a><\/h3><span class=\"av-vertical-delimiter\"><\/span><\/header><div class='slide-entry-excerpt entry-content'  itemprop=\"text\" >\nDurante la mia carriera in HR mi sono spesso chiesto perch\u00e9 io e i miei colleghi utilizzassimo un software di reclutamento autonomo e specializzato (comunemente chiamato \"Applicant Tracking System\" o ATS) anzich\u00e9 un modulo di reclutamento\u2026<\/div><\/div><footer class=\"entry-footer\"><div class=\"slide-meta\"><time class='slide-meta-time updated'  itemprop=\"datePublished\" datetime=\"2023-12-14T12:00:05+00:00\" >Dicembre 14, 2023<\/time><\/div><\/footer><span class='hidden'>\n\t\t\t\t<span class='av-structured-data'  itemprop=\"image\" itemscope=\"itemscope\" itemtype=\"https:\/\/schema.org\/ImageObject\" >\n\t\t\t\t\t\t<span itemprop='url'>https:\/\/peopleweek.com\/wp-content\/uploads\/2023\/12\/002-scaled.jpg<\/span>\n\t\t\t\t\t\t<span itemprop='height'>1707<\/span>\n\t\t\t\t\t\t<span itemprop='width'>2560<\/span>\n\t\t\t\t<\/span>\n\t\t\t\t<span class='av-structured-data'  itemprop=\"publisher\" itemtype=\"https:\/\/schema.org\/Organization\" itemscope=\"itemscope\" >\n\t\t\t\t\t\t<span itemprop='name'>PeopleWeek<\/span>\n\t\t\t\t\t\t<span itemprop='logo' itemscope itemtype='https:\/\/schema.org\/ImageObject'>\n\t\t\t\t\t\t\t<span itemprop='url'>https:\/\/peopleweek.com\/wp-content\/uploads\/2023\/01\/peopleweeklogo.png<\/span>\n\t\t\t\t\t\t<\/span>\n\t\t\t\t<\/span><span class='av-structured-data'  itemprop=\"author\" itemscope=\"itemscope\" itemtype=\"https:\/\/schema.org\/Person\" ><span itemprop='name'>PeopleWeek<\/span><\/span><span class='av-structured-data'  itemprop=\"datePublished\" datetime=\"2022-12-19T06:59:10+00:00\" >2023-12-14 12:00:05<\/span><span class='av-structured-data'  itemprop=\"dateModified\" itemtype=\"https:\/\/schema.org\/dateModified\" >2024-11-11 16:53:04<\/span><span class='av-structured-data'  itemprop=\"mainEntityOfPage\" itemtype=\"https:\/\/schema.org\/mainEntityOfPage\" ><span itemprop='name'>I Sistemi Autonomi Di Tracciamento Dei Candidati Potrebbero Diventare Obsoleti?<\/span><\/span><\/span><\/article><\/div><div class=\"slide-entry-wrap\"><article class='slide-entry flex_column  post-entry post-entry-8562 slide-entry-overview slide-loop-9 slide-parity-odd  av_one_fourth first real-thumbnail posttype-post post-format-standard'  itemscope=\"itemscope\" itemtype=\"https:\/\/schema.org\/CreativeWork\" ><a href='https:\/\/peopleweek.com\/it\/il-rafforzamento-della-normativa-sulla-protezione-dei-dati-e-sulla-cyber-security-cosa-significa-per-le-hr\/' data-rel='slide-2' class='slide-image' title='Il Rafforzamento Della Normativa Sulla Protezione Dei Dati E Sulla Cyber Security: Cosa Significa Per Le HR?'><img decoding=\"async\" fetchpriority=\"high\" width=\"260\" height=\"185\" src=\"https:\/\/peopleweek.com\/wp-content\/uploads\/2023\/10\/security-260x185.jpg\" class=\"wp-image-8553 avia-img-lazy-loading-not-8553 attachment-portfolio_small size-portfolio_small wp-post-image\" alt=\"\" \/><\/a><div class=\"slide-content\"><header class=\"entry-content-header\" aria-label=\"Diapositiva: Il Rafforzamento Della Normativa Sulla Protezione Dei Dati E Sulla Cyber Security: Cosa Significa Per Le HR?\"><span class=\"blog-categories minor-meta\"><a href=\"https:\/\/peopleweek.com\/it\/category\/blog-2\/\" rel=\"tag\">Blog<\/a> <\/span><h3 class='slide-entry-title entry-title '  itemprop=\"headline\" ><a href='https:\/\/peopleweek.com\/it\/il-rafforzamento-della-normativa-sulla-protezione-dei-dati-e-sulla-cyber-security-cosa-significa-per-le-hr\/' title='Il Rafforzamento Della Normativa Sulla Protezione Dei Dati E Sulla Cyber Security: Cosa Significa Per Le HR?'>Il Rafforzamento Della Normativa Sulla Protezione Dei Dati E Sulla Cyber Security: Cosa Significa Per Le HR?<\/a><\/h3><span class=\"av-vertical-delimiter\"><\/span><\/header><div class='slide-entry-excerpt entry-content'  itemprop=\"text\" >\nIl regime normativo per la protezione dei dati e la sicurezza informatica \u00e8 in rapida evoluzione. L\u2019asticella si sta alzando ed \u00e8 difficile tenere il passo con le nuove normative, sia locali che internazionali.\n\n\n\nIn questo articolo esaminiamo\u2026<\/div><\/div><footer class=\"entry-footer\"><div class=\"slide-meta\"><time class='slide-meta-time updated'  itemprop=\"datePublished\" datetime=\"2023-10-03T17:15:12+00:00\" >Ottobre 3, 2023<\/time><\/div><\/footer><span class='hidden'>\n\t\t\t\t<span class='av-structured-data'  itemprop=\"image\" itemscope=\"itemscope\" itemtype=\"https:\/\/schema.org\/ImageObject\" >\n\t\t\t\t\t\t<span itemprop='url'>https:\/\/peopleweek.com\/wp-content\/uploads\/2023\/10\/security.jpg<\/span>\n\t\t\t\t\t\t<span itemprop='height'>427<\/span>\n\t\t\t\t\t\t<span itemprop='width'>640<\/span>\n\t\t\t\t<\/span>\n\t\t\t\t<span class='av-structured-data'  itemprop=\"publisher\" itemtype=\"https:\/\/schema.org\/Organization\" itemscope=\"itemscope\" >\n\t\t\t\t\t\t<span itemprop='name'>PeopleWeek<\/span>\n\t\t\t\t\t\t<span itemprop='logo' itemscope itemtype='https:\/\/schema.org\/ImageObject'>\n\t\t\t\t\t\t\t<span itemprop='url'>https:\/\/peopleweek.com\/wp-content\/uploads\/2023\/01\/peopleweeklogo.png<\/span>\n\t\t\t\t\t\t<\/span>\n\t\t\t\t<\/span><span class='av-structured-data'  itemprop=\"author\" itemscope=\"itemscope\" itemtype=\"https:\/\/schema.org\/Person\" ><span itemprop='name'>PeopleWeek<\/span><\/span><span class='av-structured-data'  itemprop=\"datePublished\" datetime=\"2022-12-19T06:59:10+00:00\" >2023-10-03 17:15:12<\/span><span class='av-structured-data'  itemprop=\"dateModified\" itemtype=\"https:\/\/schema.org\/dateModified\" >2024-11-11 16:53:10<\/span><span class='av-structured-data'  itemprop=\"mainEntityOfPage\" itemtype=\"https:\/\/schema.org\/mainEntityOfPage\" ><span itemprop='name'>Il Rafforzamento Della Normativa Sulla Protezione Dei Dati E Sulla Cyber Security: Cosa Significa Per Le HR?<\/span><\/span><\/span><\/article><article class='slide-entry flex_column  post-entry post-entry-7735 slide-entry-overview slide-loop-10 slide-parity-even  av_one_fourth  real-thumbnail posttype-post post-format-standard'  itemscope=\"itemscope\" itemtype=\"https:\/\/schema.org\/CreativeWork\" ><a href='https:\/\/peopleweek.com\/it\/soluzioni-software-mutualizzate-un-trend-in-crescita\/' data-rel='slide-2' class='slide-image' title='Soluzioni Software Mutualizzate: Un Trend In Crescita'><img decoding=\"async\" fetchpriority=\"high\" width=\"260\" height=\"185\" src=\"https:\/\/peopleweek.com\/wp-content\/uploads\/2023\/05\/Mutualised-Software-260x185.jpg\" class=\"wp-image-7729 avia-img-lazy-loading-not-7729 attachment-portfolio_small size-portfolio_small wp-post-image\" alt=\"\" \/><\/a><div class=\"slide-content\"><header class=\"entry-content-header\" aria-label=\"Diapositiva: Soluzioni Software Mutualizzate: Un Trend In Crescita\"><span class=\"blog-categories minor-meta\"><a href=\"https:\/\/peopleweek.com\/it\/category\/blog-2\/\" rel=\"tag\">Blog<\/a> <\/span><h3 class='slide-entry-title entry-title '  itemprop=\"headline\" ><a href='https:\/\/peopleweek.com\/it\/soluzioni-software-mutualizzate-un-trend-in-crescita\/' title='Soluzioni Software Mutualizzate: Un Trend In Crescita'>Soluzioni Software Mutualizzate: Un Trend In Crescita<\/a><\/h3><span class=\"av-vertical-delimiter\"><\/span><\/header><div class='slide-entry-excerpt entry-content'  itemprop=\"text\" >\nNell'ultimo anno circa, PeopleWeek ha notato un crescente interesse per le soluzioni mutualizzate per il software HR. In questo articolo spiego cos'\u00e8 una soluzione mutualizzata, i principali driver e vantaggi di questo approccio, nonch\u00e9 gli\u2026<\/div><\/div><footer class=\"entry-footer\"><div class=\"slide-meta\"><time class='slide-meta-time updated'  itemprop=\"datePublished\" datetime=\"2023-05-31T18:04:58+00:00\" >Maggio 31, 2023<\/time><\/div><\/footer><span class='hidden'>\n\t\t\t\t<span class='av-structured-data'  itemprop=\"image\" itemscope=\"itemscope\" itemtype=\"https:\/\/schema.org\/ImageObject\" >\n\t\t\t\t\t\t<span itemprop='url'>https:\/\/peopleweek.com\/wp-content\/uploads\/2023\/05\/Mutualised-Software-scaled.jpg<\/span>\n\t\t\t\t\t\t<span itemprop='height'>1440<\/span>\n\t\t\t\t\t\t<span itemprop='width'>2560<\/span>\n\t\t\t\t<\/span>\n\t\t\t\t<span class='av-structured-data'  itemprop=\"publisher\" itemtype=\"https:\/\/schema.org\/Organization\" itemscope=\"itemscope\" >\n\t\t\t\t\t\t<span itemprop='name'>PeopleWeek<\/span>\n\t\t\t\t\t\t<span itemprop='logo' itemscope itemtype='https:\/\/schema.org\/ImageObject'>\n\t\t\t\t\t\t\t<span itemprop='url'>https:\/\/peopleweek.com\/wp-content\/uploads\/2023\/01\/peopleweeklogo.png<\/span>\n\t\t\t\t\t\t<\/span>\n\t\t\t\t<\/span><span class='av-structured-data'  itemprop=\"author\" itemscope=\"itemscope\" itemtype=\"https:\/\/schema.org\/Person\" ><span itemprop='name'>PeopleWeek<\/span><\/span><span class='av-structured-data'  itemprop=\"datePublished\" datetime=\"2022-12-19T06:59:10+00:00\" >2023-05-31 18:04:58<\/span><span class='av-structured-data'  itemprop=\"dateModified\" itemtype=\"https:\/\/schema.org\/dateModified\" >2024-11-11 16:53:15<\/span><span class='av-structured-data'  itemprop=\"mainEntityOfPage\" itemtype=\"https:\/\/schema.org\/mainEntityOfPage\" ><span itemprop='name'>Soluzioni Software Mutualizzate: Un Trend In Crescita<\/span><\/span><\/span><\/article><article class='slide-entry flex_column  post-entry post-entry-5648 slide-entry-overview slide-loop-11 slide-parity-odd  av_one_fourth  real-thumbnail posttype-post post-format-standard'  itemscope=\"itemscope\" itemtype=\"https:\/\/schema.org\/CreativeWork\" ><a href='https:\/\/peopleweek.com\/it\/sistema-paghe-vs-hris-fusione-e-non-confusione\/' data-rel='slide-2' class='slide-image' title='Sistema paghe vs HRIS: fusione e non confusione'><img decoding=\"async\" fetchpriority=\"high\" width=\"260\" height=\"185\" src=\"https:\/\/peopleweek.com\/wp-content\/uploads\/2023\/02\/boxing-gloves-260x185.webp\" class=\"wp-image-5680 avia-img-lazy-loading-not-5680 attachment-portfolio_small size-portfolio_small wp-post-image\" alt=\"\" \/><\/a><div class=\"slide-content\"><header class=\"entry-content-header\" aria-label=\"Diapositiva: Sistema paghe vs HRIS: fusione e non confusione\"><span class=\"blog-categories minor-meta\"><a href=\"https:\/\/peopleweek.com\/it\/category\/blog-2\/\" rel=\"tag\">Blog<\/a> <\/span><h3 class='slide-entry-title entry-title '  itemprop=\"headline\" ><a href='https:\/\/peopleweek.com\/it\/sistema-paghe-vs-hris-fusione-e-non-confusione\/' title='Sistema paghe vs HRIS: fusione e non confusione'>Sistema paghe vs HRIS: fusione e non confusione<\/a><\/h3><span class=\"av-vertical-delimiter\"><\/span><\/header><div class='slide-entry-excerpt entry-content'  itemprop=\"text\" >\nIn questo articolo spiego perch\u00e9 i sistemi di payroll e i sistemi informativi per le risorse umane (HRIS) sono diversi - un sistema di payroll non pu\u00f2 essere un sostituto efficace di un HRIS - ma complementari se progettati e utilizzati come\u2026<\/div><\/div><footer class=\"entry-footer\"><div class=\"slide-meta\"><time class='slide-meta-time updated'  itemprop=\"datePublished\" datetime=\"2023-02-08T17:02:42+00:00\" >Febbraio 8, 2023<\/time><\/div><\/footer><span class='hidden'>\n\t\t\t\t<span class='av-structured-data'  itemprop=\"image\" itemscope=\"itemscope\" itemtype=\"https:\/\/schema.org\/ImageObject\" >\n\t\t\t\t\t\t<span itemprop='url'>https:\/\/peopleweek.com\/wp-content\/uploads\/2023\/02\/boxing-gloves.webp<\/span>\n\t\t\t\t\t\t<span itemprop='height'>410<\/span>\n\t\t\t\t\t\t<span itemprop='width'>600<\/span>\n\t\t\t\t<\/span>\n\t\t\t\t<span class='av-structured-data'  itemprop=\"publisher\" itemtype=\"https:\/\/schema.org\/Organization\" itemscope=\"itemscope\" >\n\t\t\t\t\t\t<span itemprop='name'>PeopleWeek<\/span>\n\t\t\t\t\t\t<span itemprop='logo' itemscope itemtype='https:\/\/schema.org\/ImageObject'>\n\t\t\t\t\t\t\t<span itemprop='url'>https:\/\/peopleweek.com\/wp-content\/uploads\/2023\/01\/peopleweeklogo.png<\/span>\n\t\t\t\t\t\t<\/span>\n\t\t\t\t<\/span><span class='av-structured-data'  itemprop=\"author\" itemscope=\"itemscope\" itemtype=\"https:\/\/schema.org\/Person\" ><span itemprop='name'>PeopleWeek<\/span><\/span><span class='av-structured-data'  itemprop=\"datePublished\" datetime=\"2022-12-19T06:59:10+00:00\" >2023-02-08 17:02:42<\/span><span class='av-structured-data'  itemprop=\"dateModified\" itemtype=\"https:\/\/schema.org\/dateModified\" >2024-11-11 16:53:21<\/span><span class='av-structured-data'  itemprop=\"mainEntityOfPage\" itemtype=\"https:\/\/schema.org\/mainEntityOfPage\" ><span itemprop='name'>Sistema paghe vs HRIS: fusione e non confusione<\/span><\/span><\/span><\/article><article class='slide-entry flex_column  post-entry post-entry-4948 slide-entry-overview slide-loop-12 slide-parity-even  av_one_fourth  real-thumbnail posttype-post post-format-standard'  itemscope=\"itemscope\" itemtype=\"https:\/\/schema.org\/CreativeWork\" ><a href='https:\/\/peopleweek.com\/it\/hr-analytics-rubbish-in-rubbish-out-quality-in-quality-out\/' data-rel='slide-2' class='slide-image' title='Analitica delle Risorse Umane: Rifiuti in entrata, Rifiuti in uscita'><img decoding=\"async\" fetchpriority=\"high\" width=\"260\" height=\"185\" src=\"https:\/\/peopleweek.com\/wp-content\/uploads\/2023\/01\/in-out-1-260x185.png\" class=\"wp-image-4955 avia-img-lazy-loading-not-4955 attachment-portfolio_small size-portfolio_small wp-post-image\" alt=\"\" \/><\/a><div class=\"slide-content\"><header class=\"entry-content-header\" aria-label=\"Diapositiva: Analitica delle Risorse Umane: Rifiuti in entrata, Rifiuti in uscita\"><span class=\"blog-categories minor-meta\"><a href=\"https:\/\/peopleweek.com\/it\/category\/blog-2\/\" rel=\"tag\">Blog<\/a> <\/span><h3 class='slide-entry-title entry-title '  itemprop=\"headline\" ><a href='https:\/\/peopleweek.com\/it\/hr-analytics-rubbish-in-rubbish-out-quality-in-quality-out\/' title='Analitica delle Risorse Umane: Rifiuti in entrata, Rifiuti in uscita'>Analitica delle Risorse Umane: Rifiuti in entrata, Rifiuti in uscita<\/a><\/h3><span class=\"av-vertical-delimiter\"><\/span><\/header><div class='slide-entry-excerpt entry-content'  itemprop=\"text\" >\nNonostante la proliferazione di articoli e soluzioni per la produzione di analisi avanzate e dashboard fantasiosi, molte organizzazioni - grandi e piccole - faticano a produrre report HR di base.\n\n\n\nPer i professionisti delle risorse umane\u2026<\/div><\/div><footer class=\"entry-footer\"><div class=\"slide-meta\"><time class='slide-meta-time updated'  itemprop=\"datePublished\" datetime=\"2023-01-27T15:28:37+00:00\" >Gennaio 27, 2023<\/time><\/div><\/footer><span class='hidden'>\n\t\t\t\t<span class='av-structured-data'  itemprop=\"image\" itemscope=\"itemscope\" itemtype=\"https:\/\/schema.org\/ImageObject\" >\n\t\t\t\t\t\t<span itemprop='url'>https:\/\/peopleweek.com\/wp-content\/uploads\/2023\/01\/in-out-1.png<\/span>\n\t\t\t\t\t\t<span itemprop='height'>386<\/span>\n\t\t\t\t\t\t<span itemprop='width'>667<\/span>\n\t\t\t\t<\/span>\n\t\t\t\t<span class='av-structured-data'  itemprop=\"publisher\" itemtype=\"https:\/\/schema.org\/Organization\" itemscope=\"itemscope\" >\n\t\t\t\t\t\t<span itemprop='name'>PeopleWeek<\/span>\n\t\t\t\t\t\t<span itemprop='logo' itemscope itemtype='https:\/\/schema.org\/ImageObject'>\n\t\t\t\t\t\t\t<span itemprop='url'>https:\/\/peopleweek.com\/wp-content\/uploads\/2023\/01\/peopleweeklogo.png<\/span>\n\t\t\t\t\t\t<\/span>\n\t\t\t\t<\/span><span class='av-structured-data'  itemprop=\"author\" itemscope=\"itemscope\" itemtype=\"https:\/\/schema.org\/Person\" ><span itemprop='name'>PeopleWeek<\/span><\/span><span class='av-structured-data'  itemprop=\"datePublished\" datetime=\"2022-12-19T06:59:10+00:00\" >2023-01-27 15:28:37<\/span><span class='av-structured-data'  itemprop=\"dateModified\" itemtype=\"https:\/\/schema.org\/dateModified\" >2024-11-11 16:53:27<\/span><span class='av-structured-data'  itemprop=\"mainEntityOfPage\" itemtype=\"https:\/\/schema.org\/mainEntityOfPage\" ><span itemprop='name'>Analitica delle Risorse Umane: Rifiuti in entrata, Rifiuti in uscita<\/span><\/span><\/span><\/article><\/div><div class=\"slide-entry-wrap\"><article class='slide-entry flex_column  post-entry post-entry-3465 slide-entry-overview slide-loop-13 slide-parity-odd  av_one_fourth first real-thumbnail posttype-post post-format-standard'  itemscope=\"itemscope\" itemtype=\"https:\/\/schema.org\/CreativeWork\" ><a href='https:\/\/peopleweek.com\/it\/i-responsabili-delle-risorse-umane-devono-disporre-di-una-strategia-it-per-le-risorse-umane\/' data-rel='slide-2' class='slide-image' title='I responsabili delle risorse umane devono disporre di una strategia IT per le risorse umane?'><img decoding=\"async\" fetchpriority=\"high\" width=\"260\" height=\"185\" src=\"https:\/\/peopleweek.com\/wp-content\/uploads\/2022\/12\/about1-260x185.jpg\" class=\"wp-image-2601 avia-img-lazy-loading-not-2601 attachment-portfolio_small size-portfolio_small wp-post-image\" alt=\"\" \/><\/a><div class=\"slide-content\"><header class=\"entry-content-header\" aria-label=\"Diapositiva: I responsabili delle risorse umane devono disporre di una strategia IT per le risorse umane?\"><span class=\"blog-categories minor-meta\"><a href=\"https:\/\/peopleweek.com\/it\/category\/blog-2\/\" rel=\"tag\">Blog<\/a> <\/span><h3 class='slide-entry-title entry-title '  itemprop=\"headline\" ><a href='https:\/\/peopleweek.com\/it\/i-responsabili-delle-risorse-umane-devono-disporre-di-una-strategia-it-per-le-risorse-umane\/' title='I responsabili delle risorse umane devono disporre di una strategia IT per le risorse umane?'>I responsabili delle risorse umane devono disporre di una strategia IT per le risorse umane?<\/a><\/h3><span class=\"av-vertical-delimiter\"><\/span><\/header><div class='slide-entry-excerpt entry-content'  itemprop=\"text\" >\nIn questo articolo esploro come si \u00e8 evoluto il ruolo di un leader delle risorse umane e che una strategia IT per le risorse umane \u00e8 ora un \"must have\". Negli ultimi dieci anni c'\u00e8 stata un'abbondanza di letteratura su come \u00e8 cambiato il\u2026<\/div><\/div><footer class=\"entry-footer\"><div class=\"slide-meta\"><time class='slide-meta-time updated'  itemprop=\"datePublished\" datetime=\"2022-12-19T07:44:16+00:00\" >Dicembre 19, 2022<\/time><\/div><\/footer><span class='hidden'>\n\t\t\t\t<span class='av-structured-data'  itemprop=\"image\" itemscope=\"itemscope\" itemtype=\"https:\/\/schema.org\/ImageObject\" >\n\t\t\t\t\t\t<span itemprop='url'>https:\/\/peopleweek.com\/wp-content\/uploads\/2022\/12\/about1.jpg<\/span>\n\t\t\t\t\t\t<span itemprop='height'>1365<\/span>\n\t\t\t\t\t\t<span itemprop='width'>2048<\/span>\n\t\t\t\t<\/span>\n\t\t\t\t<span class='av-structured-data'  itemprop=\"publisher\" itemtype=\"https:\/\/schema.org\/Organization\" itemscope=\"itemscope\" >\n\t\t\t\t\t\t<span itemprop='name'>PeopleWeek<\/span>\n\t\t\t\t\t\t<span itemprop='logo' itemscope itemtype='https:\/\/schema.org\/ImageObject'>\n\t\t\t\t\t\t\t<span itemprop='url'>https:\/\/peopleweek.com\/wp-content\/uploads\/2023\/01\/peopleweeklogo.png<\/span>\n\t\t\t\t\t\t<\/span>\n\t\t\t\t<\/span><span class='av-structured-data'  itemprop=\"author\" itemscope=\"itemscope\" itemtype=\"https:\/\/schema.org\/Person\" ><span itemprop='name'>PeopleWeek<\/span><\/span><span class='av-structured-data'  itemprop=\"datePublished\" datetime=\"2022-12-19T06:59:10+00:00\" >2022-12-19 07:44:16<\/span><span class='av-structured-data'  itemprop=\"dateModified\" itemtype=\"https:\/\/schema.org\/dateModified\" >2024-11-11 16:53:41<\/span><span class='av-structured-data'  itemprop=\"mainEntityOfPage\" itemtype=\"https:\/\/schema.org\/mainEntityOfPage\" ><span itemprop='name'>I responsabili delle risorse umane devono disporre di una strategia IT per le risorse umane?<\/span><\/span><\/span><\/article><article class='slide-entry flex_column  post-entry post-entry-3522 slide-entry-overview slide-loop-14 slide-parity-even  av_one_fourth  real-thumbnail posttype-post post-format-standard'  itemscope=\"itemscope\" itemtype=\"https:\/\/schema.org\/CreativeWork\" ><a href='https:\/\/peopleweek.com\/it\/il-software-per-le-risorse-umane-puo-essere-progettato-per-ridurre-al-minimo-il-suo-impatto-ambientale\/' data-rel='slide-2' class='slide-image' title='Il software per le risorse umane pu\u00f2 essere progettato per ridurre al minimo il suo impatto ambientale?'><img decoding=\"async\" fetchpriority=\"high\" width=\"260\" height=\"185\" src=\"https:\/\/peopleweek.com\/wp-content\/uploads\/2022\/12\/about2-260x185.jpg\" class=\"wp-image-2595 avia-img-lazy-loading-not-2595 attachment-portfolio_small size-portfolio_small wp-post-image\" alt=\"\" \/><\/a><div class=\"slide-content\"><header class=\"entry-content-header\" aria-label=\"Diapositiva: Il software per le risorse umane pu\u00f2 essere progettato per ridurre al minimo il suo impatto ambientale?\"><span class=\"blog-categories minor-meta\"><a href=\"https:\/\/peopleweek.com\/it\/category\/blog-2\/\" rel=\"tag\">Blog<\/a> <\/span><h3 class='slide-entry-title entry-title '  itemprop=\"headline\" ><a href='https:\/\/peopleweek.com\/it\/il-software-per-le-risorse-umane-puo-essere-progettato-per-ridurre-al-minimo-il-suo-impatto-ambientale\/' title='Il software per le risorse umane pu\u00f2 essere progettato per ridurre al minimo il suo impatto ambientale?'>Il software per le risorse umane pu\u00f2 essere progettato per ridurre al minimo il suo impatto ambientale?<\/a><\/h3><span class=\"av-vertical-delimiter\"><\/span><\/header><div class='slide-entry-excerpt entry-content'  itemprop=\"text\" >\nQuando penso all'impatto della tecnologia sull'ambiente, la prima cosa che mi viene in mente \u00e8 il\n\n\n\n\n\n\n\nQuando penso all'impatto della tecnologia sull'ambiente, la prima cosa che mi viene in mente \u00e8 l'energia utilizzata per alimentare e\u2026<\/div><\/div><footer class=\"entry-footer\"><div class=\"slide-meta\"><time class='slide-meta-time updated'  itemprop=\"datePublished\" datetime=\"2022-12-19T07:41:00+00:00\" >Dicembre 19, 2022<\/time><\/div><\/footer><span class='hidden'>\n\t\t\t\t<span class='av-structured-data'  itemprop=\"image\" itemscope=\"itemscope\" itemtype=\"https:\/\/schema.org\/ImageObject\" >\n\t\t\t\t\t\t<span itemprop='url'>https:\/\/peopleweek.com\/wp-content\/uploads\/2022\/12\/about2.jpg<\/span>\n\t\t\t\t\t\t<span itemprop='height'>1280<\/span>\n\t\t\t\t\t\t<span itemprop='width'>1920<\/span>\n\t\t\t\t<\/span>\n\t\t\t\t<span class='av-structured-data'  itemprop=\"publisher\" itemtype=\"https:\/\/schema.org\/Organization\" itemscope=\"itemscope\" >\n\t\t\t\t\t\t<span itemprop='name'>PeopleWeek<\/span>\n\t\t\t\t\t\t<span itemprop='logo' itemscope itemtype='https:\/\/schema.org\/ImageObject'>\n\t\t\t\t\t\t\t<span itemprop='url'>https:\/\/peopleweek.com\/wp-content\/uploads\/2023\/01\/peopleweeklogo.png<\/span>\n\t\t\t\t\t\t<\/span>\n\t\t\t\t<\/span><span class='av-structured-data'  itemprop=\"author\" itemscope=\"itemscope\" itemtype=\"https:\/\/schema.org\/Person\" ><span itemprop='name'>PeopleWeek<\/span><\/span><span class='av-structured-data'  itemprop=\"datePublished\" datetime=\"2022-12-19T06:59:10+00:00\" >2022-12-19 07:41:00<\/span><span class='av-structured-data'  itemprop=\"dateModified\" itemtype=\"https:\/\/schema.org\/dateModified\" >2024-11-11 16:53:48<\/span><span class='av-structured-data'  itemprop=\"mainEntityOfPage\" itemtype=\"https:\/\/schema.org\/mainEntityOfPage\" ><span itemprop='name'>Il software per le risorse umane pu\u00f2 essere progettato per ridurre al minimo il suo impatto ambientale?<\/span><\/span><\/span><\/article><article class='slide-entry flex_column  post-entry post-entry-3537 slide-entry-overview slide-loop-15 slide-parity-odd  av_one_fourth  real-thumbnail posttype-post post-format-standard'  itemscope=\"itemscope\" itemtype=\"https:\/\/schema.org\/CreativeWork\" ><a href='https:\/\/peopleweek.com\/it\/software-hr-pronto-o-su-misura\/' data-rel='slide-2' class='slide-image' title='Software HR: pronto o su misura?'><img decoding=\"async\" fetchpriority=\"high\" width=\"260\" height=\"185\" src=\"https:\/\/peopleweek.com\/wp-content\/uploads\/2022\/12\/about3-1-260x185.jpg\" class=\"wp-image-2598 avia-img-lazy-loading-not-2598 attachment-portfolio_small size-portfolio_small wp-post-image\" alt=\"\" \/><\/a><div class=\"slide-content\"><header class=\"entry-content-header\" aria-label=\"Diapositiva: Software HR: pronto o su misura?\"><span class=\"blog-categories minor-meta\"><a href=\"https:\/\/peopleweek.com\/it\/category\/blog-2\/\" rel=\"tag\">Blog<\/a> <\/span><h3 class='slide-entry-title entry-title '  itemprop=\"headline\" ><a href='https:\/\/peopleweek.com\/it\/software-hr-pronto-o-su-misura\/' title='Software HR: pronto o su misura?'>Software HR: pronto o su misura?<\/a><\/h3><span class=\"av-vertical-delimiter\"><\/span><\/header><div class='slide-entry-excerpt entry-content'  itemprop=\"text\" >\nSelezionare la giusta piattaforma software per le risorse umane \u00e8 impegnativo. In primo luogo, le organizzazioni devono prendere la decisione strategica sull'opportunit\u00e0 di acquistare\n\n\n\nSelezionare la giusta piattaforma software per le risorse\u2026<\/div><\/div><footer class=\"entry-footer\"><div class=\"slide-meta\"><time class='slide-meta-time updated'  itemprop=\"datePublished\" datetime=\"2022-12-19T07:39:29+00:00\" >Dicembre 19, 2022<\/time><\/div><\/footer><span class='hidden'>\n\t\t\t\t<span class='av-structured-data'  itemprop=\"image\" itemscope=\"itemscope\" itemtype=\"https:\/\/schema.org\/ImageObject\" >\n\t\t\t\t\t\t<span itemprop='url'>https:\/\/peopleweek.com\/wp-content\/uploads\/2022\/12\/about3-1.jpg<\/span>\n\t\t\t\t\t\t<span itemprop='height'>720<\/span>\n\t\t\t\t\t\t<span itemprop='width'>1080<\/span>\n\t\t\t\t<\/span>\n\t\t\t\t<span class='av-structured-data'  itemprop=\"publisher\" itemtype=\"https:\/\/schema.org\/Organization\" itemscope=\"itemscope\" >\n\t\t\t\t\t\t<span itemprop='name'>PeopleWeek<\/span>\n\t\t\t\t\t\t<span itemprop='logo' itemscope itemtype='https:\/\/schema.org\/ImageObject'>\n\t\t\t\t\t\t\t<span itemprop='url'>https:\/\/peopleweek.com\/wp-content\/uploads\/2023\/01\/peopleweeklogo.png<\/span>\n\t\t\t\t\t\t<\/span>\n\t\t\t\t<\/span><span class='av-structured-data'  itemprop=\"author\" itemscope=\"itemscope\" itemtype=\"https:\/\/schema.org\/Person\" ><span itemprop='name'>PeopleWeek<\/span><\/span><span class='av-structured-data'  itemprop=\"datePublished\" datetime=\"2022-12-19T06:59:10+00:00\" >2022-12-19 07:39:29<\/span><span class='av-structured-data'  itemprop=\"dateModified\" itemtype=\"https:\/\/schema.org\/dateModified\" >2024-11-11 16:53:55<\/span><span class='av-structured-data'  itemprop=\"mainEntityOfPage\" itemtype=\"https:\/\/schema.org\/mainEntityOfPage\" ><span itemprop='name'>Software HR: pronto o su misura?<\/span><\/span><\/span><\/article><article class='slide-entry flex_column  post-entry post-entry-3576 slide-entry-overview slide-loop-16 slide-parity-even  post-entry-last  av_one_fourth  real-thumbnail posttype-post post-format-standard'  itemscope=\"itemscope\" itemtype=\"https:\/\/schema.org\/CreativeWork\" ><a href='https:\/\/peopleweek.com\/it\/gestione-delle-prestazioni-e-tecnologia-soluzioni-moderne-per-sfide-secolari\/' data-rel='slide-2' class='slide-image' title='Gestione delle prestazioni e tecnologia: soluzioni moderne per sfide secolari'><img decoding=\"async\" fetchpriority=\"high\" width=\"260\" height=\"185\" src=\"https:\/\/peopleweek.com\/wp-content\/uploads\/2022\/12\/about4-260x185.jpg\" class=\"wp-image-2604 avia-img-lazy-loading-not-2604 attachment-portfolio_small size-portfolio_small wp-post-image\" alt=\"\" \/><\/a><div class=\"slide-content\"><header class=\"entry-content-header\" aria-label=\"Diapositiva: Gestione delle prestazioni e tecnologia: soluzioni moderne per sfide secolari\"><span class=\"blog-categories minor-meta\"><a href=\"https:\/\/peopleweek.com\/it\/category\/blog-2\/\" rel=\"tag\">Blog<\/a> <\/span><h3 class='slide-entry-title entry-title '  itemprop=\"headline\" ><a href='https:\/\/peopleweek.com\/it\/gestione-delle-prestazioni-e-tecnologia-soluzioni-moderne-per-sfide-secolari\/' title='Gestione delle prestazioni e tecnologia: soluzioni moderne per sfide secolari'>Gestione delle prestazioni e tecnologia: soluzioni moderne per sfide secolari<\/a><\/h3><span class=\"av-vertical-delimiter\"><\/span><\/header><div class='slide-entry-excerpt entry-content'  itemprop=\"text\" >\nIl valore aggiunto della gestione delle prestazioni \u00e8 noto da anni. Tuttavia, molte organizzazioni non dispongono di un processo di revisione delle prestazioni.\n\n\n\nIl valore aggiunto della gestione delle prestazioni \u00e8 noto da anni. Tuttavia,\u2026<\/div><\/div><footer class=\"entry-footer\"><div class=\"slide-meta\"><time class='slide-meta-time updated'  itemprop=\"datePublished\" datetime=\"2022-12-19T07:27:39+00:00\" >Dicembre 19, 2022<\/time><\/div><\/footer><span class='hidden'>\n\t\t\t\t<span class='av-structured-data'  itemprop=\"image\" itemscope=\"itemscope\" itemtype=\"https:\/\/schema.org\/ImageObject\" >\n\t\t\t\t\t\t<span itemprop='url'>https:\/\/peopleweek.com\/wp-content\/uploads\/2022\/12\/about4.jpg<\/span>\n\t\t\t\t\t\t<span itemprop='height'>853<\/span>\n\t\t\t\t\t\t<span itemprop='width'>1280<\/span>\n\t\t\t\t<\/span>\n\t\t\t\t<span class='av-structured-data'  itemprop=\"publisher\" itemtype=\"https:\/\/schema.org\/Organization\" itemscope=\"itemscope\" >\n\t\t\t\t\t\t<span itemprop='name'>PeopleWeek<\/span>\n\t\t\t\t\t\t<span itemprop='logo' itemscope itemtype='https:\/\/schema.org\/ImageObject'>\n\t\t\t\t\t\t\t<span itemprop='url'>https:\/\/peopleweek.com\/wp-content\/uploads\/2023\/01\/peopleweeklogo.png<\/span>\n\t\t\t\t\t\t<\/span>\n\t\t\t\t<\/span><span class='av-structured-data'  itemprop=\"author\" itemscope=\"itemscope\" itemtype=\"https:\/\/schema.org\/Person\" ><span itemprop='name'>PeopleWeek<\/span><\/span><span class='av-structured-data'  itemprop=\"datePublished\" datetime=\"2022-12-19T06:59:10+00:00\" >2022-12-19 07:27:39<\/span><span class='av-structured-data'  itemprop=\"dateModified\" itemtype=\"https:\/\/schema.org\/dateModified\" >2024-11-11 16:53:59<\/span><span class='av-structured-data'  itemprop=\"mainEntityOfPage\" itemtype=\"https:\/\/schema.org\/mainEntityOfPage\" ><span itemprop='name'>Gestione delle prestazioni e tecnologia: soluzioni moderne per sfide secolari<\/span><\/span><\/span><\/article><\/div><\/div><div class='avia-slideshow-arrows avia-slideshow-controls' ><a href='#prev' class='prev-slide  avia-svg-icon avia-font-svg_entypo-fontello' data-av_svg_icon='left-open-big' data-av_iconset='svg_entypo-fontello' tabindex='-1' title=\"Prec\"><svg version=\"1.1\" xmlns=\"http:\/\/www.w3.org\/2000\/svg\" width=\"15\" height=\"32\" viewBox=\"0 0 15 32\" preserveAspectRatio=\"xMidYMid meet\" aria-labelledby='av-svg-title-21' aria-describedby='av-svg-desc-21' role=\"graphics-symbol\" aria-hidden=\"true\">\n<title id='av-svg-title-21'>Prec<\/title>\n<desc id='av-svg-desc-21'>Prec<\/desc>\n<path d=\"M14.464 27.84q0.832 0.832 0 1.536-0.832 0.832-1.536 0l-12.544-12.608q-0.768-0.768 0-1.6l12.544-12.608q0.704-0.832 1.536 0 0.832 0.704 0 1.536l-11.456 11.904z\"><\/path>\n<\/svg><span class='avia_hidden_link_text'>Prec<\/span><\/a><a href='#next' class='next-slide  avia-svg-icon avia-font-svg_entypo-fontello' data-av_svg_icon='right-open-big' data-av_iconset='svg_entypo-fontello' tabindex='-1' title=\"Succ\"><svg version=\"1.1\" xmlns=\"http:\/\/www.w3.org\/2000\/svg\" width=\"15\" height=\"32\" viewBox=\"0 0 15 32\" preserveAspectRatio=\"xMidYMid meet\" aria-labelledby='av-svg-title-22' aria-describedby='av-svg-desc-22' role=\"graphics-symbol\" aria-hidden=\"true\">\n<title id='av-svg-title-22'>Succ<\/title>\n<desc id='av-svg-desc-22'>Succ<\/desc>\n<path d=\"M0.416 27.84l11.456-11.84-11.456-11.904q-0.832-0.832 0-1.536 0.832-0.832 1.536 0l12.544 12.608q0.768 0.832 0 1.6l-12.544 12.608q-0.704 0.832-1.536 0-0.832-0.704 0-1.536z\"><\/path>\n<\/svg><span class='avia_hidden_link_text'>Succ<\/span><\/a><\/div><div class='avia-slideshow-dots avia-slideshow-controls avia-post-slider fade-in'><a href='#1' class='goto-slide active' >1<\/a><a href='#2' class='goto-slide ' >2<\/a><a href='#3' class='goto-slide ' >3<\/a><a href='#4' class='goto-slide ' >4<\/a><\/div><\/div>\n<\/p>\n<\/div><\/div><\/div><!-- close content main div --><\/div><\/div>\n<style type=\"text\/css\" data-created_by=\"avia_inline_auto\" id=\"style-css-av-lbulw87d-639c2f0382bc6b82d30877a6e5fbe144\">\n.avia-section.av-lbulw87d-639c2f0382bc6b82d30877a6e5fbe144{\nbackground-color:#084a79;\nbackground-image:unset;\n}\n<\/style>\n<div id='av_section_7'  class='avia-section av-lbulw87d-639c2f0382bc6b82d30877a6e5fbe144 main_color avia-section-default avia-no-border-styling  avia-builder-el-40  el_after_av_section  el_before_av_section  compny-faq-sec avia-bg-style-scroll container_wrap fullsize'  ><div class='container av-section-cont-open' ><div class='template-page content  av-content-full alpha units'><div class='post-entry post-entry-type-page post-entry-3620'><div class='entry-content-wrapper clearfix'>\n\n<style type=\"text\/css\" data-created_by=\"avia_inline_auto\" id=\"style-css-av-lbuldmlk-8b2b85d83bcd2f4defbde5baa08c13a1\">\n#top .av-special-heading.av-lbuldmlk-8b2b85d83bcd2f4defbde5baa08c13a1{\npadding-bottom:10px;\ncolor:#ffffff;\n}\nbody .av-special-heading.av-lbuldmlk-8b2b85d83bcd2f4defbde5baa08c13a1 .av-special-heading-tag .heading-char{\nfont-size:25px;\n}\n.av-special-heading.av-lbuldmlk-8b2b85d83bcd2f4defbde5baa08c13a1 .special-heading-inner-border{\nborder-color:#ffffff;\n}\n.av-special-heading.av-lbuldmlk-8b2b85d83bcd2f4defbde5baa08c13a1 .av-subheading{\nfont-size:15px;\n}\n<\/style>\n<div  class='av-special-heading av-lbuldmlk-8b2b85d83bcd2f4defbde5baa08c13a1 av-special-heading-h2 custom-color-heading blockquote modern-quote modern-centered  avia-builder-el-41  el_before_av_toggle_container  avia-builder-el-first  gc-banner-cov'><h2 class='av-special-heading-tag '  itemprop=\"headline\"  >Media<\/h2><div class=\"special-heading-border\"><div class=\"special-heading-inner-border\"><\/div><\/div><\/div>\n\n<style type=\"text\/css\" data-created_by=\"avia_inline_auto\" id=\"style-css-av-lbulfh5b-e53bf1025e6a96744e4d378a44ed9aaa\">\n#top .togglecontainer.av-lbulfh5b-e53bf1025e6a96744e4d378a44ed9aaa h6.toggler{\nfont-size:20px;\n}\n#top .togglecontainer.av-lbulfh5b-e53bf1025e6a96744e4d378a44ed9aaa h6.toggler.activeTitle{\ncolor:#084a79;\nborder-color:#084a79;\n}\n<\/style>\n<div  class='togglecontainer av-lbulfh5b-e53bf1025e6a96744e4d378a44ed9aaa av-minimal-toggle  avia-builder-el-42  el_after_av_heading  avia-builder-el-last  tab-readmore toggle_close_all hasCurrentStyle' >\n<section class='av_toggle_section av-lbulfei7-3c0017853225ebab2293c1bc415941c1'  itemscope=\"itemscope\" itemtype=\"https:\/\/schema.org\/CreativeWork\" ><div role=\"tablist\" class=\"single_toggle\" data-tags=\"{Tutto} \"  ><h6 id='toggle-toggle-id-15' data-fake-id='#toggle-id-15' class='toggler  av-title-above '  itemprop=\"headline\"  role='tab' tabindex='0' aria-controls='toggle-id-15' data-slide-speed=\"200\" data-title=\"Copertura mediatica del Worl Economic Forum 2022\" data-title-open=\"\" data-aria_collapsed=\"Clicca per espandere: Copertura mediatica del Worl Economic Forum 2022\" data-aria_expanded=\"Fare clic per chiudere: Copertura mediatica del Worl Economic Forum 2022\">Copertura mediatica del Worl Economic Forum 2022<span class=\"toggle_icon\"><span class=\"vert_icon\"><\/span><span class=\"hor_icon\"><\/span><\/span><\/h6><div id='toggle-id-15' aria-labelledby='toggle-toggle-id-15' role='region' class='toggle_wrap  av-title-above'  ><div class='toggle_content invers-color '  itemprop=\"text\" ><div class=\"wpb_text_column wpb_content_element \">\n<div class=\"wpb_wrapper\">\n<p><a href=\"https:\/\/www.moneycab.com\/it\/wef-2022-%EF%BF%BCswiss-digital-initiative-geht-mit-digital-trust-label-international\/\" target=\"_blank\" rel=\"noopener\">WEF 2022: Swiss Digital Initiative geht mit Digital Trust Label international<\/a>.<\/p>\n<\/div>\n<\/div>\n<div class=\"wpb_text_column wpb_content_element \">\n<div class=\"wpb_wrapper\">\n<p><a href=\"https:\/\/www.devdiscourse.com\/article\/technology\/2048352-wef-2022-swiss-digital-initiative-takes-digital-trust-label-global\" target=\"_blank\" rel=\"noopener\">WEF 2022: Swiss Digital Initiative takes Digital Trust Label global<\/a>.<\/p>\n<\/div>\n<\/div>\n<div class=\"wpb_text_column wpb_content_element \">\n<div class=\"wpb_wrapper\">\n<p><a href=\"https:\/\/www.xavierstuder.com\/2022\/05\/le-digital-trust-label-de-la-swiss-digital-initiative-deja-international\/\" target=\"_blank\" rel=\"noopener\">WEF 2022: Le Digital Trust Label de la Swiss Digital Initiative d\u00e9j\u00e0 international<\/a>.<\/p>\n<\/div>\n<\/div>\n<\/div><\/div><\/div><\/section>\n<\/div>\n\n<\/div><\/div><\/div><!-- close content main div --><\/div><\/div><div id='av_section_8'  class='avia-section av-av_section-ed515db48788a410f40bff6875ed4320 main_color avia-section-small avia-no-border-styling  avia-builder-el-43  el_after_av_section  avia-builder-el-last  ppl-tab-section avia-bg-style-scroll container_wrap fullsize'  ><div class='container av-section-cont-open' ><div class='template-page content  av-content-full alpha units'><div class='post-entry post-entry-type-page post-entry-3620'><div class='entry-content-wrapper clearfix'>\n","protected":false},"excerpt":{"rendered":"","protected":false},"author":7,"featured_media":0,"parent":0,"menu_order":0,"comment_status":"closed","ping_status":"closed","template":"","meta":{"footnotes":""},"class_list":["post-3620","page","type-page","status-publish","hentry"],"yoast_head":"<!-- This site is optimized with the Yoast SEO plugin v23.8 - https:\/\/yoast.com\/wordpress\/plugins\/seo\/ -->\n<title>PeopleWeek - L&#039;azienda<\/title>\n<meta name=\"description\" content=\"Storia, missione e visione\" \/>\n<meta name=\"robots\" content=\"index, follow, max-snippet:-1, max-image-preview:large, max-video-preview:-1\" \/>\n<link rel=\"canonical\" href=\"https:\/\/peopleweek.com\/it\/azienda\/\" \/>\n<meta property=\"og:locale\" content=\"it_IT\" \/>\n<meta property=\"og:type\" content=\"article\" \/>\n<meta property=\"og:title\" content=\"PeopleWeek - L&#039;azienda\" \/>\n<meta property=\"og:description\" content=\"Storia, missione e visione\" \/>\n<meta property=\"og:url\" content=\"https:\/\/peopleweek.com\/it\/azienda\/\" \/>\n<meta property=\"og:site_name\" content=\"PeopleWeek\" \/>\n<meta property=\"article:modified_time\" content=\"2026-04-21T17:55:37+00:00\" \/>\n<meta name=\"twitter:card\" content=\"summary_large_image\" \/>\n<meta name=\"twitter:label1\" content=\"Tempo di lettura stimato\" \/>\n\t<meta name=\"twitter:data1\" content=\"16 minuti\" \/>\n<script type=\"application\/ld+json\" class=\"yoast-schema-graph\">{\"@context\":\"https:\/\/schema.org\",\"@graph\":[{\"@type\":\"WebPage\",\"@id\":\"https:\/\/peopleweek.com\/it\/azienda\/\",\"url\":\"https:\/\/peopleweek.com\/it\/azienda\/\",\"name\":\"PeopleWeek - L'azienda\",\"isPartOf\":{\"@id\":\"https:\/\/peopleweek.com\/en\/#website\"},\"datePublished\":\"2022-12-19T06:59:10+00:00\",\"dateModified\":\"2026-04-21T17:55:37+00:00\",\"description\":\"Storia, missione e visione\",\"breadcrumb\":{\"@id\":\"https:\/\/peopleweek.com\/it\/azienda\/#breadcrumb\"},\"inLanguage\":\"it-IT\",\"potentialAction\":[{\"@type\":\"ReadAction\",\"target\":[\"https:\/\/peopleweek.com\/it\/azienda\/\"]}]},{\"@type\":\"BreadcrumbList\",\"@id\":\"https:\/\/peopleweek.com\/it\/azienda\/#breadcrumb\",\"itemListElement\":[{\"@type\":\"ListItem\",\"position\":1,\"name\":\"Home\",\"item\":\"https:\/\/peopleweek.com\/it\/\"},{\"@type\":\"ListItem\",\"position\":2,\"name\":\"Azienda\"}]},{\"@type\":\"WebSite\",\"@id\":\"https:\/\/peopleweek.com\/en\/#website\",\"url\":\"https:\/\/peopleweek.com\/en\/\",\"name\":\"PeopleWeek\",\"description\":\"\",\"publisher\":{\"@id\":\"https:\/\/peopleweek.com\/en\/#organization\"},\"potentialAction\":[{\"@type\":\"SearchAction\",\"target\":{\"@type\":\"EntryPoint\",\"urlTemplate\":\"https:\/\/peopleweek.com\/en\/?s={search_term_string}\"},\"query-input\":{\"@type\":\"PropertyValueSpecification\",\"valueRequired\":true,\"valueName\":\"search_term_string\"}}],\"inLanguage\":\"it-IT\"},{\"@type\":\"Organization\",\"@id\":\"https:\/\/peopleweek.com\/en\/#organization\",\"name\":\"PeopleWeek\",\"url\":\"https:\/\/peopleweek.com\/en\/\",\"logo\":{\"@type\":\"ImageObject\",\"inLanguage\":\"it-IT\",\"@id\":\"https:\/\/peopleweek.com\/en\/#\/schema\/logo\/image\/\",\"url\":\"https:\/\/peopleweek.com\/wp-content\/uploads\/2024\/11\/pw-logo.png\",\"contentUrl\":\"https:\/\/peopleweek.com\/wp-content\/uploads\/2024\/11\/pw-logo.png\",\"width\":1484,\"height\":306,\"caption\":\"PeopleWeek\"},\"image\":{\"@id\":\"https:\/\/peopleweek.com\/en\/#\/schema\/logo\/image\/\"}}]}<\/script>\n<!-- \/ Yoast SEO plugin. -->","yoast_head_json":{"title":"PeopleWeek - L'azienda","description":"Storia, missione e visione","robots":{"index":"index","follow":"follow","max-snippet":"max-snippet:-1","max-image-preview":"max-image-preview:large","max-video-preview":"max-video-preview:-1"},"canonical":"https:\/\/peopleweek.com\/it\/azienda\/","og_locale":"it_IT","og_type":"article","og_title":"PeopleWeek - L'azienda","og_description":"Storia, missione e visione","og_url":"https:\/\/peopleweek.com\/it\/azienda\/","og_site_name":"PeopleWeek","article_modified_time":"2026-04-21T17:55:37+00:00","twitter_card":"summary_large_image","twitter_misc":{"Tempo di lettura stimato":"16 minuti"},"schema":{"@context":"https:\/\/schema.org","@graph":[{"@type":"WebPage","@id":"https:\/\/peopleweek.com\/it\/azienda\/","url":"https:\/\/peopleweek.com\/it\/azienda\/","name":"PeopleWeek - L'azienda","isPartOf":{"@id":"https:\/\/peopleweek.com\/en\/#website"},"datePublished":"2022-12-19T06:59:10+00:00","dateModified":"2026-04-21T17:55:37+00:00","description":"Storia, missione e visione","breadcrumb":{"@id":"https:\/\/peopleweek.com\/it\/azienda\/#breadcrumb"},"inLanguage":"it-IT","potentialAction":[{"@type":"ReadAction","target":["https:\/\/peopleweek.com\/it\/azienda\/"]}]},{"@type":"BreadcrumbList","@id":"https:\/\/peopleweek.com\/it\/azienda\/#breadcrumb","itemListElement":[{"@type":"ListItem","position":1,"name":"Home","item":"https:\/\/peopleweek.com\/it\/"},{"@type":"ListItem","position":2,"name":"Azienda"}]},{"@type":"WebSite","@id":"https:\/\/peopleweek.com\/en\/#website","url":"https:\/\/peopleweek.com\/en\/","name":"PeopleWeek","description":"","publisher":{"@id":"https:\/\/peopleweek.com\/en\/#organization"},"potentialAction":[{"@type":"SearchAction","target":{"@type":"EntryPoint","urlTemplate":"https:\/\/peopleweek.com\/en\/?s={search_term_string}"},"query-input":{"@type":"PropertyValueSpecification","valueRequired":true,"valueName":"search_term_string"}}],"inLanguage":"it-IT"},{"@type":"Organization","@id":"https:\/\/peopleweek.com\/en\/#organization","name":"PeopleWeek","url":"https:\/\/peopleweek.com\/en\/","logo":{"@type":"ImageObject","inLanguage":"it-IT","@id":"https:\/\/peopleweek.com\/en\/#\/schema\/logo\/image\/","url":"https:\/\/peopleweek.com\/wp-content\/uploads\/2024\/11\/pw-logo.png","contentUrl":"https:\/\/peopleweek.com\/wp-content\/uploads\/2024\/11\/pw-logo.png","width":1484,"height":306,"caption":"PeopleWeek"},"image":{"@id":"https:\/\/peopleweek.com\/en\/#\/schema\/logo\/image\/"}}]}},"_links":{"self":[{"href":"https:\/\/peopleweek.com\/it\/wp-json\/wp\/v2\/pages\/3620","targetHints":{"allow":["GET"]}}],"collection":[{"href":"https:\/\/peopleweek.com\/it\/wp-json\/wp\/v2\/pages"}],"about":[{"href":"https:\/\/peopleweek.com\/it\/wp-json\/wp\/v2\/types\/page"}],"author":[{"embeddable":true,"href":"https:\/\/peopleweek.com\/it\/wp-json\/wp\/v2\/users\/7"}],"replies":[{"embeddable":true,"href":"https:\/\/peopleweek.com\/it\/wp-json\/wp\/v2\/comments?post=3620"}],"version-history":[{"count":112,"href":"https:\/\/peopleweek.com\/it\/wp-json\/wp\/v2\/pages\/3620\/revisions"}],"predecessor-version":[{"id":12103,"href":"https:\/\/peopleweek.com\/it\/wp-json\/wp\/v2\/pages\/3620\/revisions\/12103"}],"wp:attachment":[{"href":"https:\/\/peopleweek.com\/it\/wp-json\/wp\/v2\/media?parent=3620"}],"curies":[{"name":"wp","href":"https:\/\/api.w.org\/{rel}","templated":true}]}}